{"id":1347,"date":"2017-11-17T23:12:33","date_gmt":"2017-11-18T02:12:33","guid":{"rendered":"http:\/\/nyemba.unilab.edu.br\/?page_id=1347"},"modified":"2018-03-26T14:56:56","modified_gmt":"2018-03-26T17:56:56","slug":"bolsistas","status":"publish","type":"page","link":"https:\/\/nyemba.unilab.edu.br\/index.php\/pesquisas\/mapeamento-conservacao-e-difusao-dos-acervos-documentais-e-orais-dos-municipios-do-reconcavo-baiano-estudos-nos-municipios-de-candeias-sao-francisco-do-conde-e-maragogipe\/bolsistas\/","title":{"rendered":"Bolsistas"},"content":{"rendered":"<p>&nbsp;<\/p>\n<p><strong>Alana Santos de Souza<\/strong><\/p>\n<p>&#8220;Cursando o Bacharelado em Humanidades na Universidade da Integra\u00e7\u00e3o Internacional da Lusofonia Afro-Brasileira, Volunt\u00e1ria PIBIC no Projeto de Pesquisa &#8220;Mapeamento, conserva\u00e7\u00e3o e difus\u00e3o dos acervos documentais e orais dos munic\u00edpios do Rec\u00f4ncavo Baiano.&#8221; Concluiu o ensino m\u00e9dio no Instituto Federal da Bahia campus Valen\u00e7a na modalidade integrada com o curso t\u00e9cnico em Turismo. Participou da Olimp\u00edada Nacional de Hist\u00f3ria do Brasil no ano de 2014, fase presencial na Unicamp. Fez curso de ingl\u00eas pela Escola de idiomas Skill, n\u00edvel intermedi\u00e1rio, e n\u00edvel avan\u00e7ado no mesmo curso pela escola EnglishTown.<br \/>\nDedica\u00e7\u00e3o, compromisso, responsabilidade e pontualidade s\u00e3o algumas das suas qualidades.&#8221;<\/p>\n<p><strong><span style=\"color: #808080;\">Curr\u00edculo La<\/span><\/strong><strong><span style=\"color: #808080;\">ttes: \u00a0<a href=\"http:\/\/lattes.cnpq.br\/5987506299108021\">http:\/\/lattes.cnpq.br\/5987506299108021<\/a><\/span><\/strong><\/p>\n<p>&nbsp;<\/p>\n<p><strong>Beatriz Borges Bastos<\/strong><\/p>\n<p>Discente no curso de Licenciatura em Hist\u00f3ria. Graduada em Bacharelado Interdisciplinar em Humanidades, pelo Instituto de Humanidades e Letras &#8211; IHL na Universidade de Integra\u00e7\u00e3o Internacional da Lusofonia Afro-Brasileira &#8211; UNILAB, Campus dos Mal\u00eas, S\u00e3o Francisco do Conde &#8211; BA. \u00c9 bolsista do Programa de Inicia\u00e7\u00e3o Cientifica da mesma universidade, no projeto:Mapeamento, conserva\u00e7\u00e3o e difus\u00e3o dos acervos documentais e orais dos municipais do Rec\u00f4ncavo Baiano estudo nos munic\u00edpios de Candeias, S\u00e3oFrancisco do Conde e Maragogipe;Foi bolsista dos projetos: &#8220;Como pode expressar-se um corpo? Interlocu\u00e7\u00f5es entre Dan\u00e7a e Filosofia&#8221; e &#8220;Gestualidade e expressividade afro-brasileira: ancestralidade e mim\u00e9sis&#8221;. Atuou como colaboradora interna no Projeto de Extens\u00e3o: &#8220;In-\u00fateis Pausas Po\u00e9ticas&#8221; e atualmente \u00e9 colaboradora interna do projeto de a\u00e7\u00e3o extens\u00e3o intitulado: &#8220;Corpo Encruzilhada &#8211; Tradi\u00e7\u00f5es do Rec\u00f4ncavo Baiano&#8221;.<\/p>\n<p><strong><span style=\"color: #808080;\">Curr\u00edculo Lattes: <a href=\"http:\/\/lattes.cnpq.br\/7243391841866095\">http:\/\/lattes.cnpq.br\/7243391841866095<\/a><\/span><\/strong><\/p>\n<p>&nbsp;<\/p>\n<hr \/>\n<p>&nbsp;<\/p>\n","protected":false},"excerpt":{"rendered":"<p>&nbsp; Alana Santos de Souza &#8220;Cursando o Bacharelado em Humanidades na Universidade da Integra\u00e7\u00e3o Internacional da Lusofonia Afro-Brasileira, Volunt\u00e1ria PIBIC no Projeto de Pesquisa &#8220;Mapeamento, conserva\u00e7\u00e3o e difus\u00e3o dos acervos documentais e orais dos munic\u00edpios do Rec\u00f4ncavo Baiano.&#8221; Concluiu o ensino m\u00e9dio no Instituto Federal da Bahia campus Valen\u00e7a na modalidade integrada com o curso [&hellip;]<\/p>\n","protected":false},"author":2,"featured_media":0,"parent":967,"menu_order":0,"comment_status":"closed","ping_status":"closed","template":"","meta":{"footnotes":""},"class_list":["post-1347","page","type-page","status-publish","hentry"],"_links":{"self":[{"href":"https:\/\/nyemba.unilab.edu.br\/index.php\/wp-json\/wp\/v2\/pages\/1347","targetHints":{"allow":["GET"]}}],"collection":[{"href":"https:\/\/nyemba.unilab.edu.br\/index.php\/wp-json\/wp\/v2\/pages"}],"about":[{"href":"https:\/\/nyemba.unilab.edu.br\/index.php\/wp-json\/wp\/v2\/types\/page"}],"author":[{"embeddable":true,"href":"https:\/\/nyemba.unilab.edu.br\/index.php\/wp-json\/wp\/v2\/users\/2"}],"replies":[{"embeddable":true,"href":"https:\/\/nyemba.unilab.edu.br\/index.php\/wp-json\/wp\/v2\/comments?post=1347"}],"version-history":[{"count":3,"href":"https:\/\/nyemba.unilab.edu.br\/index.php\/wp-json\/wp\/v2\/pages\/1347\/revisions"}],"predecessor-version":[{"id":3260,"href":"https:\/\/nyemba.unilab.edu.br\/index.php\/wp-json\/wp\/v2\/pages\/1347\/revisions\/3260"}],"up":[{"embeddable":true,"href":"https:\/\/nyemba.unilab.edu.br\/index.php\/wp-json\/wp\/v2\/pages\/967"}],"wp:attachment":[{"href":"https:\/\/nyemba.unilab.edu.br\/index.php\/wp-json\/wp\/v2\/media?parent=1347"}],"curies":[{"name":"wp","href":"https:\/\/api.w.org\/{rel}","templated":true}]}}