{"id":176,"date":"2017-03-24T14:03:05","date_gmt":"2017-03-24T17:03:05","guid":{"rendered":"http:\/\/nyemba.unilab.edu.br\/?page_id=176"},"modified":"2025-05-15T15:07:53","modified_gmt":"2025-05-15T18:07:53","slug":"cronograma-de-atividades-2017","status":"publish","type":"page","link":"https:\/\/nyemba.unilab.edu.br\/index.php\/cronograma-de-atividades-2017\/","title":{"rendered":"Atividades do Nyemba"},"content":{"rendered":"<div data-colibri-id=\"176-c1\" class=\"style-303 style-local-176-c1 position-relative\">\r\n  <!---->\r\n  <div data-colibri-component=\"section\" data-colibri-id=\"176-c2\" id=\"initial-content\" class=\"h-section h-section-global-spacing d-flex align-items-lg-center align-items-md-center align-items-center style-304 style-local-176-c2 position-relative\">\r\n    <!---->\r\n    <!---->\r\n    <div class=\"h-section-grid-container h-section-boxed-container\">\r\n      <!---->\r\n      <div data-colibri-id=\"176-c3\" class=\"h-row-container gutters-row-lg-2 gutters-row-md-2 gutters-row-0 gutters-row-v-lg-2 gutters-row-v-md-2 gutters-row-v-2 style-305 style-local-176-c3 position-relative\">\r\n        <!---->\r\n        <div class=\"h-row justify-content-lg-center justify-content-md-center justify-content-center align-items-lg-stretch align-items-md-stretch align-items-stretch gutters-col-lg-2 gutters-col-md-2 gutters-col-0 gutters-col-v-lg-2 gutters-col-v-md-2 gutters-col-v-2\">\r\n          <!---->\r\n          <div class=\"h-column h-column-container d-flex h-col-lg-auto h-col-md-auto h-col-auto style-306-outer style-local-176-c4-outer\">\r\n            <div data-colibri-id=\"176-c4\" class=\"d-flex h-flex-basis h-column__inner h-px-lg-2 h-px-md-2 h-px-2 v-inner-lg-2 v-inner-md-2 v-inner-2 style-306 style-local-176-c4 position-relative\">\r\n              <!---->\r\n              <!---->\r\n              <div class=\"w-100 h-y-container h-column__content h-column__v-align flex-basis-100 align-self-lg-start align-self-md-start align-self-start\">\r\n                <!---->\r\n                <div data-colibri-id=\"176-c5\" class=\"style-307 style-local-176-c5 position-relative h-element\">\r\n                  <!---->\r\n                  <div>\r\n                    \r\n                    <p><\/p>\r\n                    \r\n\r\n                    \r\n                    <p><\/p>\r\n                    \r\n\r\n                    <h1><span style=\"color: #800000;\"><strong>2020<\/strong><\/span><\/h1>\r\n                    <h5>\r\n                      <b>15\/01<\/b>\r\n                    <\/h5>\r\n                    <h5><span style=\"color: #800000;\"><b><i>Encontros do <\/i><\/b><b><i>Nyemba<\/i><\/b><\/span><\/h5>\r\n                    <h5>Tema: \u201cReflexividades ind\u00edgenas\u201d, coord. pela Prof\u00aa Dr\u00aa Ana Cl\u00e1udia&nbsp; Souza<\/h5>\r\n                    <p>&nbsp;<\/p>\r\n                    <h5>\r\n                      <b>20\/01<\/b>\r\n                    <\/h5>\r\n                    <h5><span style=\"color: #800000;\"><b><i>Roda de Conversa sobre Segrega\u00e7\u00e3o Espacial<\/i><\/b><i>&nbsp; e <\/i><b><i>Pedalada<\/i><\/b> na<\/span> Casa La Frida, com Jamile Santana, Beatriz B. Bastos e Caroline dos Santos<\/h5>\r\n                    <p>&nbsp;<\/p>\r\n                    <p><strong>18\/12<\/strong><\/p>\r\n                    <h5><em><strong><span style=\"color: #800000;\">Roda de conversa sobre textos pan-africanistas (Abdias Nascimento)<\/span><\/strong> <\/em>&#8211; ciclo de estudos sobre a obra dramatica de Abdias do Nascimento &#8220;Sortil\u00e9gio&#8221; (em parceria com a UFPel)<\/h5>\r\n                    <h1>&nbsp;<\/h1>\r\n                    <h1><strong><span style=\"color: #800000;\">2019<\/span><\/strong><\/h1>\r\n                    <h5>\r\n                      <b>27 e 28\/05<\/b>\r\n                    <\/h5>\r\n                    <h5><em><span style=\"color: #800000;\">Minicurso \u201cLeituras descoloniais e os estudos culturais da \u00c1frica e das di\u00e1sporas africanas\u201d<\/span><\/em>, ministrado pelo Prof. Dr. Rafael Antonio D\u00edaz D\u00edaz (Univ. Javeriana\/Col\u00f4mbia)<\/h5>\r\n                    <h5>&nbsp;<\/h5>\r\n                    <h5>\r\n                      <b>10\/06<\/b>\r\n                    <\/h5>\r\n                    <h5><em><span style=\"color: #800000;\">Encontro do Nyemba<\/span><\/em><\/h5>\r\n                    <h5>Discuss\u00e3o mediada pela Prof\u00aa Dr\u00aa Juliana Dourado<\/h5>\r\n                    <h5>&nbsp;<\/h5>\r\n                    <h5>\r\n                      <b>17\/06<\/b>\r\n                    <\/h5>\r\n                    <h5><em><span style=\"color: #800000;\">Palestra \u201cModos outros de fazer pesquisa\u201d<\/span><\/em>, proferida pelo Prof. Dr. Rafael Christofoletti<\/h5>\r\n                    <h5>(Univ. Federal de Rond\u00f4nia)<\/h5>\r\n                    <h5>&nbsp;<\/h5>\r\n                    <h5>\r\n                      <b>01\/07<\/b>\r\n                    <\/h5>\r\n                    <h5><em><span style=\"color: #800000;\">Encontro do Nyemba<\/span><\/em><\/h5>\r\n                    <h5>Discuss\u00e3o mediada pela Prof\u00aa Dr\u00aa Carla da Silva<\/h5>\r\n                    <h5>&nbsp;<\/h5>\r\n                    <h5>\r\n                      <b>15\/07<\/b>\r\n                    <\/h5>\r\n                    <h5><em><span style=\"color: #800000;\">Encontro do Nyemba<\/span><\/em><\/h5>\r\n                    <h5>Discuss\u00e3o mediada pela Prof\u00aa Dr\u00aa Zelinda Barros<\/h5>\r\n                    <h5>&nbsp;<\/h5>\r\n                    <h5>\r\n                      <b>29\/07<\/b>\r\n                    <\/h5>\r\n                    <h5><em><span style=\"color: #800000;\">Pr\u00e9-bancas de TCC de membros do grupo<\/span><\/em><\/h5>\r\n                    <h5>&nbsp;<\/h5>\r\n                    <h5>\r\n                      <b>12\/08<\/b>\r\n                    <\/h5>\r\n                    <h5><em><span style=\"color: #800000;\">Pr\u00e9-bancas de TCC de membros do grupo<\/span><\/em><\/h5>\r\n                    <h5>&nbsp;<\/h5>\r\n                    <h5>\r\n                      <b>07\/11<\/b>\r\n                    <\/h5>\r\n                    <h5><span style=\"color: #800000;\"><b><i>Minicurso \u201cCartografia social e Hist\u00f3ria Oral\u201d<\/i><\/b><\/span>\r\n                      <i>, <\/i>ministrado pelo Prof. Dr. Berto Martinez (Universidad de Antioquia\/Col\u00f4mbia)<\/h5>\r\n                    <h5>&nbsp;<\/h5>\r\n                    <h5>\r\n                      <b>21\/11<\/b>\r\n                    <\/h5>\r\n                    <h5><span style=\"color: #800000;\"><b><i>Encontros do <\/i><\/b><b><i>Nyemba<\/i><\/b><\/span><\/h5>\r\n                    <h5>\r\n                      <b>\r\n                        <i>Tema: <\/i>\r\n                      <\/b>\r\n                      <b>\u201cEduca\u00e7\u00e3o na perspectiva de <\/b>\r\n                      <b>bell<\/b>\r\n                      <b>hooks<\/b>\r\n                      <b>\u201d<\/b>\r\n                      <b>, <\/b>coord. por Caroline dos Santos<\/h5>\r\n                    <h5>&nbsp;<\/h5>\r\n                    <h5>\r\n                      <b>26\/11<\/b>\r\n                    <\/h5>\r\n                    <h5><span style=\"color: #800000;\"><b><i>Lan\u00e7amento do livro \u201cA volta inversa na \u00e1rvore do esquecimento e nas pr\u00e1ticas de branqueamento\u201d<\/i><\/b><\/span>\r\n                      <i>, da Prof\u00aa Dr\u00aa <\/i>\r\n                      <i>Claudilene<\/i>\r\n                      <i> Silva<\/i>\r\n                    <\/h5>\r\n                    <h5>&nbsp;<\/h5>\r\n                    <h5>\r\n                      <b>05\/11<\/b>\r\n                    <\/h5>\r\n                    <h5><span style=\"color: #800000;\"><b><i>Pr\u00e9<\/i><\/b><b><i>-banca de Maria Aparecida S. Santana<\/i><\/b><\/span><\/h5>\r\n                    <h5>&nbsp;<\/h5>\r\n                    <h5>\r\n                      <b>10\/11<\/b>\r\n                    <\/h5>\r\n                    <h5><span style=\"color: #800000;\"><b><i>Oficina de Literatura Angolana <\/i><\/b><\/span>facilitada por Jo\u00e3o Canda (Angola)<\/h5>\r\n                    <h5>&nbsp;<\/h5>\r\n                    <h1><span style=\"color: #800000;\"><strong>2018<\/strong><\/span><\/h1>\r\n                    <hr>\r\n                    <h5>22\/03\/2018<\/h5>\r\n                    <h5><em><strong><span style=\"color: #800000;\">Encontro Nyemba<\/span><\/strong><\/em><\/h5>\r\n                    <h5>Tema: Narrativas e Trajet\u00f3rias na Forma\u00e7\u00e3o Docente.<\/h5>\r\n                    <h5>Nosso encontro ocorrer\u00e1 \u00e1s 14h na sala 11&nbsp;do Campus dos Mal\u00eas.<\/h5>\r\n                    <h5>Na ocasi\u00e3o apresentaremos a proposta de trabalho para o semestre e poderemos construir nosso calend\u00e1rio de atividades.<\/h5>\r\n                    <h5>&nbsp;<\/h5>\r\n                    <h5><strong>22\/08\/2018<\/strong><\/h5>\r\n                    <h5><em><span style=\"color: #800000;\">Encontro do Nyemba<\/span><\/em><\/h5>\r\n                    <h5>O primeiro encontro deste semestre \u00e0s 9h30, <strong>sala 12&nbsp;<\/strong>no Campus dos Mal\u00eas.<\/h5>\r\n                    <h5><em>Pauta:<\/em><\/h5>\r\n                    <h5>1. Apresentar e acolher as novas colegas professores e estudantes;<\/h5>\r\n                    <h5>2. apresentar os novos projetos e propostas de a\u00e7\u00e3o;<\/h5>\r\n                    <h5>4. fechar o planejamento do semestre (inclusive indica\u00e7\u00e3o de textos para leitura e debate).<\/h5>\r\n                    <h5>Contamos com a presen\u00e7a de todas\/os.<\/h5>\r\n                    <hr>\r\n                    <h5><em><span style=\"color: #800000;\"><strong>Encontro do Nyemba<\/strong><\/span><\/em><\/h5>\r\n                    <h5><span style=\"color: #000000;\"><strong>Tema: <\/strong>Trajet\u00f3rias e Narrativas na Forma\u00e7\u00e3o Docente<\/span><\/h5>\r\n                    <h5><span style=\"color: #000000;\">Leitura, Discuss\u00e3o e An\u00e1lise<\/span><\/h5>\r\n                    <h5><strong>Datas:<\/strong><\/h5>\r\n                    <h5><strong>04\/04&nbsp;<\/strong><\/h5>\r\n                    <h5>SOUZA, Elizeu Clementino de. (Auto)biografia, hist\u00f3rias de vida e pr\u00e1ticas de forma\u00e7\u00e3o. 2007. pdf.<strong>&nbsp;<span style=\"color: #808080;\"><a style=\"color: #808080;\" href=\"https:\/\/nyemba.unilab.edu.br\/wp-content\/uploads\/2018\/04\/Elizeu-Clementino.pdf\" target=\"_blank\" rel=\"noopener noreferrer\"> clique&nbsp;<\/a><\/span><\/strong><\/h5>\r\n                    <h5><strong>30\/05<\/strong><\/h5>\r\n                    <h5>NETO, Jos\u00e9 Batista. Algumas considera\u00e7\u00f5es te\u00f3ricas e metodol\u00f3gicas sobre a abordagem biogr\u00e1fica, instrumento da pesquisa educacional e da forma\u00e7\u00e3o: contribui\u00e7\u00f5es da Escola de Chicago e do Interacionismo Simb\u00f3lico.&nbsp; 18\u00b0 Encontro\r\n                      de Pesquisa Educacional do Norte e Nordeste, em Macei\u00f3, de 1 a 4 de julho de 2007. pdf.\r\n                      <a href=\"http:\/\/www.fundaj.gov.br\/geral\/educacao_foco\/algumas_consideracoes.pdf\" target=\"_blank\" rel=\"noopener noreferrer\"><strong><span style=\"color: #808080;\">clique aqui<\/span><\/strong><\/a>\r\n                    <\/h5>\r\n                    <hr>\r\n                    <h4 class=\"font_8\"><span style=\"color: #000000;\"><strong>Extens\u00e3o<\/strong><\/span><\/h4>\r\n                    <h5><span style=\"color: #000000;\"><a style=\"color: #000000;\" href=\"https:\/\/nyemba.unilab.edu.br\/index.php\/extensao\/gimu\/\" target=\"_blank\" rel=\"noopener noreferrer\"><strong>GIMU&nbsp;<\/strong><\/a><\/span><\/h5>\r\n                    <h5><span style=\"color: #800000;\"><strong><em>Oficinas de Criolo<\/em> <em>atrav\u00e9s de Voz e Viol\u00e3o<\/em> <\/strong><\/span>&#8211; Todos os S\u00e1bados das 10h \u00e1s 12h<\/h5>\r\n                    <h5><em><span style=\"color: #800000;\"><strong>Revitaliza\u00e7\u00e3o, Memoria e Tradi\u00e7\u00e3o [Caretas de Acupe] &#8211; <\/strong><\/span><\/em><em>Oficinas aos S\u00e1bados<\/em>\r\n                      <br>27 de Abril, 05 de Maio,&nbsp; 02 de Junho, 08 de Julho e 29 de Julho<\/h5>\r\n                    <h5><span style=\"color: #800000;\"><em>Roda de Conversa<\/em><\/span><\/h5>\r\n                    <h5>&#8220;Saberes Populares&#8221;, em&nbsp;28 de Abril, na Casa do Samba Ra\u00edzes de Acupe &#8211; Rua da Rondagem, Santo Amaro-BA, horario de sa\u00edda as 10h da UNILAB- Mal\u00eas<\/h5>\r\n                    <h5><em><span style=\"color: #800000;\"><strong>Mal\u00eas em Cena &#8211; Teatro Intercultural&nbsp; [Pesquisa DUMBAI]<\/strong><\/span><\/em><\/h5>\r\n                    <h5>Abril e Maio<\/h5>\r\n                    <h5><em><span style=\"color: #800000;\"><strong>Biblioteca N\u00e1utica na Ba\u00eda de Todos os Santos<\/strong><\/span><\/em><\/h5>\r\n                    <h5>Julho<\/h5>\r\n                    <h5><strong><span style=\"color: #800000;\"><em>Sess\u00e3o S\u00e3o Francisco do Conde &#8211; Planejamento, Escritas, Lan\u00e7amentos<\/em><\/span><\/strong><\/h5>\r\n                    <h5>24\/08\/2018<\/h5>\r\n                    <h5><strong><span style=\"color: #800000;\"><em>Lan\u00e7amento do livro &#8220;As tran\u00e7as de minha m\u00e3e&#8221;,<\/em> <\/span><\/strong>de Ana F\u00e1tima, \u00e0s 14:30, sala 03 na UNILAB, Campus dos Mal\u00eas.<\/h5>\r\n                    <hr>\r\n                    <h4><span style=\"color: #000000;\"><strong>Participa\u00e7\u00e3o em Eventos Acad\u00eamicos<\/strong><\/span><\/h4>\r\n                    <h5><span style=\"color: #000000;\"><em>Semin\u00e1rio Mulheres de Ax\u00e9&nbsp;<\/em><\/span><\/h5>\r\n                    <h5><span style=\"color: #000000;\"><em><a style=\"color: #000000;\" href=\"https:\/\/estudosafricanos.vpeventos.com\/#\/\" target=\"_blank\" rel=\"noopener noreferrer\"><strong>II Semin\u00e1rio de Estudos Africanos; I Semin\u00e1rio Internacional de Estudos Africanos e Diasp\u00f3ricos:&nbsp; Estado Na\u00e7\u00e3o e Cultura para Al\u00e9m das Fronteiras<\/strong><\/a><\/em><\/span><\/h5>\r\n                    <h5><span style=\"color: #000000;\"><em><a style=\"color: #000000;\" href=\"http:\/\/www.unilab.edu.br\/noticias\/2018\/03\/13\/i-semana-de-pedagogia-do-males-inscreve-ate-dia-2-de-abril\/\" target=\"_blank\" rel=\"noopener noreferrer\"><strong>I Semana de Pedagogia da UNILAB Campus dos Mal\u00eas<\/strong><\/a><\/em><\/span><\/h5>\r\n                    <p class=\"font_8\"><span style=\"color: #000000;\"><em><strong><a style=\"color: #000000;\" href=\"https:\/\/posabolicao.wixsite.com\/iiseminario\" target=\"_blank\" rel=\"noopener noreferrer\"><span class=\"color_12\">II Semin\u00e1rio Internacional&nbsp;<\/span><span class=\"color_30\">Hist\u00f3rias&nbsp;<\/span>\r\n                      <span\r\n                        class=\"color_30\">do P\u00f3s-Aboli\u00e7\u00e3o&nbsp;<\/span><span class=\"color_30\">no Mundo Atl\u00e2ntico:&nbsp;<\/span>130 Anos de Aboli\u00e7\u00e3o no Brasil<\/a>\r\n                        <\/strong>\r\n                        <\/em>\r\n                        <\/span>\r\n                    <\/p>\r\n                    <p><span style=\"color: #000000;\"><em><strong><a style=\"color: #000000;\" href=\"http:\/\/www.unilab.edu.br\/festival-das-culturas\/\" target=\"_blank\" rel=\"noopener noreferrer\">III Festival das Culturas &#8211; UNILAB, Campus dos Mal\u00eas<\/a><\/strong><\/em><\/span><\/p>\r\n                    <p><span style=\"color: #000000;\"><em><a style=\"color: #000000;\" href=\"https:\/\/shistoriamales.wixsite.com\/shum2018\" target=\"_blank\" rel=\"noopener noreferrer\"><strong>I Semana de Hist\u00f3ria da UNILAB, Campus dos Mal\u00eas<\/strong><\/a><\/em><\/span><\/p>\r\n                    <hr>\r\n                    <h4><span style=\"color: #000000;\"><strong>Pesquisa<\/strong><\/span><\/h4>\r\n                    <h5><em><span style=\"color: #800000;\"><strong>Pesquisa e A\u00e7\u00e3o Quilombola<\/strong><\/span><\/em><\/h5>\r\n                    <h5><strong>Encontro:<\/strong> Educa\u00e7\u00e3o Quilombola&nbsp; &nbsp; &nbsp; &nbsp; <strong>&nbsp;Local:<\/strong> UNILAB &#8211; Mal\u00eas<\/h5>\r\n                    <h5><strong>Data:<\/strong> 25\/04&nbsp; &nbsp; &nbsp; &nbsp; &nbsp; &nbsp; <strong>Hor\u00e1rio:<\/strong> 9h30min<\/h5>\r\n                    <h5>Texto:&nbsp;\r\n                      <a href=\"https:\/\/nyemba.unilab.edu.br\/wp-content\/uploads\/2018\/04\/3454-19433-1-PB.pdf\" target=\"_blank\" rel=\"noopener noreferrer\"><strong>Clique Aqui<\/strong><\/a>\r\n                    <\/h5>\r\n                    <p>&nbsp;<\/p>\r\n                    <h1><span style=\"color: #800000;\"><strong>2017<\/strong><\/span><\/h1>\r\n                    <hr>\r\n                    <h5><strong>12\/04\/2017<\/strong><\/h5>\r\n                    <h5><em><span style=\"color: #800000;\"><strong>Encontro de Estudos&nbsp;<\/strong><\/span><\/em><\/h5>\r\n                    <h5 style=\"text-align: left;\">[Migra\u00e7\u00e3o] [Deslocamentos] [Produ\u00e7\u00e3o de Territorialidades] [Identidades]<\/h5>\r\n                    <h5 style=\"text-align: left;\"><span style=\"color: #800000;\"><span style=\"color: #000000;\">Tema: Di\u00e1spora &#8211; Neste encontro levaremos refer\u00eancias art\u00edsticas (teatro, m\u00fasica, atua\u00e7\u00e3o, dan\u00e7a &#8230;) que encontram-se em di\u00e1spora, a discuss\u00e3o ser\u00e1 sobre suas vidas e produ\u00e7\u00f5es, al\u00e9m da conceitualiza\u00e7\u00e3o te\u00f3rica na perspectiva acad\u00eamica do que \u00e9 di\u00e1spora.<\/span><\/span>\r\n                    <\/h5>\r\n                    <h5 style=\"text-align: left;\"><strong>Local: UNILAB &#8211; Campus dos Mal\u00eas &nbsp; \/ &nbsp; Sala: &nbsp;03 &nbsp;&nbsp; \/&nbsp; Hor\u00e1rio: 10h&nbsp; &nbsp; &nbsp; &nbsp;<\/strong><\/h5>\r\n                    <h5 style=\"text-align: left;\"><strong> *aberto a toda a comunidade<\/strong><\/h5>\r\n                    <hr>\r\n                    <h5>&nbsp;<\/h5>\r\n                    <h5><strong>19\/04\/2017<\/strong><\/h5>\r\n                    <h5><em><span style=\"color: #800000;\"><strong>Semin\u00e1rio de Pesquisa Nyemba<\/strong><\/span><\/em><\/h5>\r\n                    <h5><strong>Abril ind\u00edgena<\/strong><\/h5>\r\n                    <h5>Tema:&nbsp; &#8220;Notas sobre g\u00eanero e etnia entre os Patax\u00f3 H\u00e3h\u00e3h\u00e3e&#8221;<\/h5>\r\n                    <h5>Convidada: Prof\u00aa Jurema Machado<\/h5>\r\n                    <h5><strong>Local: UNILAB &#8211; Campus dos Mal\u00eas&nbsp;&nbsp; \/&nbsp;&nbsp; Sala: Audit\u00f3rio &nbsp;&nbsp; \/ &nbsp; Hor\u00e1rio: &nbsp; 15h &nbsp;&nbsp; <\/strong><\/h5>\r\n                    <h5><strong><em>*aberto a toda a comunidade<\/em><\/strong><\/h5>\r\n                    <h5>&nbsp;<\/h5>\r\n                    <hr>\r\n                    <h5><strong>02\/05\/2017<\/strong><\/h5>\r\n                    <h5><em><span style=\"color: #800000;\"><strong>O<\/strong><strong>ficina de Conta\u00e7\u00e3o de hist\u00f3rias &#8220;A Arte Gri\u00f4t de Conta\u00e7\u00e3o&#8221;<\/strong><\/span><\/em><\/h5>\r\n                    <h5>Biblioteca N\u00e1utica e Espa\u00e7o Gri\u00f4t na Ba\u00eda de Todos os Santos.<\/h5>\r\n                    <h5>Ser\u00e3o tr\u00eas encontros 02\/05, 03\/05 e 04\/05<\/h5>\r\n                    <h5>Forma\u00e7\u00e3o com a Prof.\u00aa Ana F\u00e1tima dos Santos e a Prof.\u00aa Dra. Cristina Trinidad.<\/h5>\r\n                    <h5>Obs.: Processo de sele\u00e7\u00e3o para monitores que ir\u00e3o compor a equipe durante a visita no munic\u00edpio de Maragogipe (Junho\/2016)<\/h5>\r\n                    <h5><strong>Local: UNILAB &#8211; Campus dos Mal\u00eas&nbsp; \/&nbsp; Sala: 06&nbsp; \/ &nbsp; Hor\u00e1rio das 8h \u00e1s 13h<\/strong><\/h5>\r\n                    <hr>\r\n                    <h5>&nbsp;<\/h5>\r\n                    <h5><strong>22\/05\/2017<\/strong><\/h5>\r\n                    <h5><span style=\"color: #ff6600;\"><strong><em><span style=\"color: #800000;\">Ciclo Semin\u00e1rios Internos<\/span><\/em>\r\n                      <br>\r\n                      <\/strong>\r\n                      <\/span>\r\n                    <\/h5>\r\n                    <h5>Tema:&nbsp;<em>Antropologia, G\u00eanero e Poder em Mo\u00e7ambique<\/em><\/h5>\r\n                    <h5>Convidado:&nbsp;Osmundo Pinho (UFRB)<\/h5>\r\n                    <h5>Facilitador:&nbsp;Prof. Erc\u00edlio Langa (UNILAB)<\/h5>\r\n                    <h5><strong>Local: Unilab Campus dos Mal\u00eas &nbsp; \/ &nbsp; &nbsp;&nbsp; Sala: &nbsp; Audit\u00f3rio \/&nbsp;&nbsp; &nbsp; Hor\u00e1rio:&nbsp;<\/strong><\/h5>\r\n                    <hr>\r\n                    <h5>&nbsp;<\/h5>\r\n                    <h5><strong>29\/05\/2017<\/strong><\/h5>\r\n                    <h5><em><span style=\"color: #800000;\"><strong>Ciclo Semin\u00e1rios Internos<\/strong><\/span><\/em><\/h5>\r\n                    <h5>Tema: <em>Petrobras &#8211; um contraponto baiano<\/em><\/h5>\r\n                    <h5>Uma parceria entre os grupos de pesquisa: Nyemba, Di\u00e1sporas e \u00c1frica Contempor\u00e2nea.<\/h5>\r\n                    <h5><strong>Convidados:&nbsp;<\/strong>\r\n                      <br>Com Livio Sansone (UFBA),<\/h5>\r\n                    <h5>Washington Santana (UERJ)<\/h5>\r\n                    <h5><strong>Coment\u00e1rios de:<\/strong> Cristiane Santos Souza (Unilab)<\/h5>\r\n                    <h5><strong>Data: 29\/05\/17 &nbsp; Local: UNILAB &#8211; Campus dos Mal\u00eas &nbsp; \/&nbsp; Sala: 03 &nbsp; \/ Hor\u00e1rio: 16h<\/strong><\/h5>\r\n                    <h5>&nbsp;<\/h5>\r\n                    <hr>\r\n                    <h5><strong>14\/06\/2017<\/strong><\/h5>\r\n                    <h5><em><span style=\"color: #800000;\"><strong>Roda de Conversa &#8220;Narrativas ciganas&#8221;<\/strong><\/span><\/em><\/h5>\r\n                    <h5>Convidados:<\/h5>\r\n                    <h5>Prof\u00ba Dr. Joc\u00e9lho (Cigano, Militante Docente, UEFS)<\/h5>\r\n                    <h5>Prof\u00aa Dra. Catarina Rea (UNILAB)<\/h5>\r\n                    <h5>Naeentren Sanca (Estudante &#8211; UNILAB)<\/h5>\r\n                    <h5><strong>Local: UNILAB &#8211; Campus dos Mal\u00eas&nbsp;&nbsp; \/&nbsp; Sala:&nbsp; Audit\u00f3rio&nbsp;&nbsp;&nbsp; \/&nbsp; Hor\u00e1rio: 14h&nbsp; &nbsp;&nbsp; <\/strong><\/h5>\r\n                    <h5><em><strong>*aberto a toda a comunidade<\/strong><\/em><\/h5>\r\n                    <hr>\r\n                    <h5>&nbsp;<\/h5>\r\n                    <h5><strong>21\/06\/2017<\/strong><\/h5>\r\n                    <h5><em><strong><span style=\"color: #800000;\">Encontro de Estudos<\/span><\/strong><\/em><\/h5>\r\n                    <h5>Neste encontro realizaremos juntos um caf\u00e9 da manh\u00e3 junino no primeiro momento pra marcar nosso reencontro e celebrar o S\u00e3o Jo\u00e3o &#8211; cada integrante poder\u00e1 levar um prato t\u00edpico a sua escolha.<\/h5>\r\n                    <h5>E no segundo momento faremos a an\u00e1lise e discuss\u00e3o do texto de Claudio Catelo sobre lusotropicalismo, dispon\u00edvel no link:\r\n                      <a href=\"https:\/\/nyemba.unilab.edu.br\/wp-content\/uploads\/2017\/03\/lusotropicalismo-de-Gilberto-Freyre-HOJE.pdf\">CATELO, Cl\u00e1udia. Uma incurs\u00e3o no lusotropicalismo de Gilberto Freyre. 2011<\/a>\r\n                    <\/h5>\r\n                    <h5><strong>Local: UNILAB&nbsp; &#8211; Campus dos Mal\u00eas&nbsp;&nbsp; \/ Sala: 04 &nbsp; &nbsp; \/ Hor\u00e1rio: 09h &nbsp; &nbsp; &nbsp;<\/strong><\/h5>\r\n                    <hr>\r\n                    <h5>&nbsp;<\/h5>\r\n                    <h5><em><span style=\"color: #800000;\"><strong>Roda de Conversa &#8220;<\/strong>Di\u00e1spora &#8211; Limites e Possibilidades Te\u00f3ricas&#8221;<\/span><\/em><\/h5>\r\n                    <h5>Convidados:<\/h5>\r\n                    <h5>Aldine Valente (Discente &#8211; UNILAB)<\/h5>\r\n                    <h5>Prof. Dr. Ismael Tcham (UNILAB)<\/h5>\r\n                    <h5>Prof. Dr. Eduardo Estevam (UNILAB)<\/h5>\r\n                    <h5><strong>Local: UNILAB&nbsp; &#8211; Campus dos Mal\u00eas&nbsp;&nbsp; \/&nbsp; Sala:&nbsp; Audit\u00f3rio&nbsp; \/&nbsp; Hor\u00e1rio:&nbsp; 14h<br><\/strong><\/h5>\r\n                    <h5><strong><em> *aberto a toda a comunidade&nbsp; &nbsp;&#8211;&nbsp;<\/em><\/strong><span style=\"color: #800000;\"><b>Atividade adiada&#8230;.&nbsp;&nbsp;<\/b><b>*Em breve nova data!<\/b><\/span><\/h5>\r\n                    <h5>&nbsp;<\/h5>\r\n                    <hr>\r\n                    <h5>10 a 15\/07\/2017<\/h5>\r\n                    <h5><em><span style=\"color: #800000;\"><strong>Semana de Visita\u00e7\u00e3o da Biblioteca N\u00e1utica na Ba\u00eda de todos os Santos no Munic\u00edpio de Maragojipe &#8211; BA<\/strong><\/span><\/em><\/h5>\r\n                    <h5>\r\n                      <img loading=\"lazy\" decoding=\"async\" class=\"wp-image-79 alignleft\" src=\"https:\/\/nyemba.unilab.edu.br\/wp-content\/uploads\/2017\/03\/BN-IMAGEM-300x283.jpg\" alt=\"\" width=\"138\" height=\"130\" srcset=\"https:\/\/nyemba.unilab.edu.br\/wp-content\/uploads\/2017\/03\/BN-IMAGEM-300x283.jpg 300w, https:\/\/nyemba.unilab.edu.br\/wp-content\/uploads\/2017\/03\/BN-IMAGEM.jpg 580w\" sizes=\"auto, (max-width: 138px) 100vw, 138px\" \/>\r\n                    <\/h5>\r\n                    <h5>Oficinas de Forma\u00e7\u00e3o, atividades culturais, conta\u00e7\u00e3o de hist\u00f3ria, pedagogia gri\u00f4 entre outras, confira maiores informa\u00e7\u00f5es na sess\u00e3o desta atividade de Extens\u00e3o.<\/h5>\r\n                    <h5>&nbsp;<\/h5>\r\n                    <h5><strong>Confira a programa\u00e7\u00e3o.<\/strong>\r\n                      <a href=\"https:\/\/nyemba.unilab.edu.br\/index.php\/extensao\/biblioteca-nautica-na-baia-de-todos-os-santos\/programacao-das-visitas\/\" target=\"_blank\" rel=\"noopener noreferrer\"><span style=\"color: #3366ff;\"> Clique aqui<\/span><\/a>\r\n                    <\/h5>\r\n                    <h5>Saiba mais sobre a atividade acessando nossa p\u00e1gina no facebook:&nbsp;\r\n                      <a href=\"https:\/\/www.facebook.com\/pg\/bibliotecanauticanabaiadetodosossantos\/photos\/?ref=page_internal\" target=\"_blank\" rel=\"noopener noreferrer\"><span style=\"color: #3366ff;\">Clique Aqui.<\/span><\/a>\r\n                    <\/h5>\r\n                    <hr>\r\n                    <h5><strong>10\/10\/2017<\/strong><\/h5>\r\n                    <h5><em><span style=\"color: #800000;\"><strong>Encontro do Nyemba<\/strong><\/span><\/em><\/h5>\r\n                    <h5>Convidamos @ tod@s para participar da nossa primeira reuni\u00e3o do segundo semestre.<\/h5>\r\n                    <h5>Nesse dia iremos discutir o texto de Emilia Godoi. O sistema do lugar que faz parte das discuss\u00f5es sobre Territ\u00f3rio, Identidade e Mem\u00f3ria que ser\u00e3o levadas a cabo durante este per\u00edodo.<\/h5>\r\n                    <h5><strong>Link:&nbsp;<a href=\"https:\/\/drive.google.com\/file\/d\/0B7G8C4JphG55Vk5LQjdhVUN4bFE\/view\" target=\"_blank\" rel=\"noopener noreferrer\">GODOI, Emilia; NEIMEYER, Ana Maria (orgs). Al\u00e9m dos Territ\u00f3rios: para um di\u00e1logo entre a etnologia ind\u00edgena os estudos rurais e os estudos urbanos. Campinas, SP: Mercado de Livros. 1998<\/a><\/strong><\/h5>\r\n                    <h5>Neste dia tamb\u00e9m ser\u00e1 apresentado o calend\u00e1rio de atividades deste semestre.<\/h5>\r\n                    <h5>Contamos com a presen\u00e7a de todos os membros, assim como dos interessados em participar &nbsp;do NYEMBA.<\/h5>\r\n                    <h5><strong>Hora:<\/strong>&nbsp;9h30min<\/h5>\r\n                    <h5><strong>Local:<\/strong>&nbsp;UNILAB \u2013 Campus dos Mal\u00eas<\/h5>\r\n                    <h5>\r\n                      <b>Sala:&nbsp;<\/b>04<\/h5>\r\n                    <hr>\r\n                    <h5><strong>23\/10\/2017<\/strong><\/h5>\r\n                    <h5><em><span style=\"color: #800000;\"><strong>Reuni\u00e3o Biblioteca N\u00e1utica \u2013 Monitoria<\/strong><\/span><\/em><\/h5>\r\n                    <h5>Reuni\u00e3o Geral Interna de planejamento das atividades a serem desenvolvidas no munic\u00edpio de S\u00e3o Felix \u2013 BA.<\/h5>\r\n                    <h5>A divulga\u00e7\u00e3o das a\u00e7\u00f5es j\u00e1 encontram-se na p\u00e1gina da Unilab.<\/h5>\r\n                    <h5><strong>link:<\/strong>&nbsp;\r\n                      <a href=\"http:\/\/www.unilab.edu.br\/noticias\/2017\/10\/18\/projeto-de-extensao-biblioteca-nautica-realiza-atividades-em-sao-felixba\/\" target=\"_blank\" rel=\"noopener noreferrer\" data-saferedirecturl=\"https:\/\/www.google.com\/url?hl=pt-BR&amp;q=http:\/\/www.unilab.edu.br\/noticias\/2017\/10\/18\/projeto-de-extensao-biblioteca-nautica-realiza-atividades-em-sao-felixba\/&amp;source=gmail&amp;ust=1508519765193000&amp;usg=AFQjCNG9gid6VrGw6KKdrZljF6A6fmPdkQ\">http:\/\/www.unilab.edu.\r\n                        <wbr>br\/noticias\/2017\/10\/18\/\r\n                        <wbr>projeto-de-extensao-\r\n                        <wbr>biblioteca-nautica-realiza-\r\n                        <wbr>atividades-em-sao-felixba\/<\/a>\r\n                    <\/h5>\r\n                    <h5>Essa programa\u00e7\u00e3o ainda est\u00e1 passiva de ajustes\u2026<\/h5>\r\n                    <h5><strong>Hora:<\/strong>&nbsp;9h30min<\/h5>\r\n                    <h5><strong>Local:<\/strong>&nbsp;UNILAB \u2013 Campus dos Mal\u00eas<\/h5>\r\n                    <h5>\r\n                      <b>Sala:&nbsp;<\/b>02<\/h5>\r\n                    <hr>\r\n                    <h5>&nbsp;<\/h5>\r\n                    <h5><strong>24\/10\/2017<\/strong><\/h5>\r\n                    <h5><em><span style=\"color: #800000;\"><strong>Encontro de Leitura<\/strong><\/span><\/em><\/h5>\r\n                    <h5>Discuss\u00e3o do texto:<\/h5>\r\n                    <h5><strong>Link:<a href=\"https:\/\/drive.google.com\/file\/d\/0B7G8C4JphG55TUFER0JtS1ZpM28\/view\" target=\"_blank\" rel=\"noopener noreferrer\">&nbsp;Pina-Cabral, Jo\u00e3o &amp; Silva, Vanda Aparecida. \u201cConsider\u00e7\u00e3o e Cria\u00e7\u00e3o\u201d in: Gente livre. Considera\u00e7\u00e3o e Pessoa no Baixo Sul da Bahia. Ed. Terceiro Nome, 2013. Pp.25 -50.<\/a><\/strong><\/h5>\r\n                    <h5><strong>Hora:<\/strong>&nbsp;9h30min<\/h5>\r\n                    <h5><strong>Local:<\/strong>&nbsp;UNILAB \u2013 Campus dos Mal\u00eas<\/h5>\r\n                    <h5>\r\n                      <b>Sala:&nbsp;<\/b>04<\/h5>\r\n                    <hr>\r\n                    <h5>&nbsp;<\/h5>\r\n                    <h5><strong>26\/10\/2017<\/strong><\/h5>\r\n                    <h5><em><span style=\"color: #800000;\"><strong>Biblioteca N\u00e1utica na Ba\u00eda de Todos os Santos<\/strong><\/span><\/em><\/h5>\r\n                    <h5><span style=\"color: #000000;\"><strong>Semin\u00e1rio de Integra\u00e7\u00e3o:Educa\u00e7\u00e3o para as rela\u00e7\u00f5es \u00c9tnico-raciais. Possibilidades e desafios.<\/strong><\/span><\/h5>\r\n                    <h5><strong>Confira a programa\u00e7\u00e3o do Semin\u00e1rio.<\/strong>\r\n                      <a href=\"https:\/\/nyemba.unilab.edu.br\/index.php\/extensao\/biblioteca-nautica-na-baia-de-todos-os-santos\/seminarios-de-mobilizacao\/\" target=\"_blank\" rel=\"noopener noreferrer\"><span style=\"color: #3366ff;\">Clique aqui.<\/span><\/a>\r\n                    <\/h5>\r\n                    <h5><strong>Hora:<\/strong><span style=\"font-weight: inherit;\">&nbsp;9h<\/span><\/h5>\r\n                    <h5><strong>Local:<\/strong>&nbsp;Casa de Cultura Am\u00e9rico Simas \u2013 S\u00e3o Felix-BA<\/h5>\r\n                    <h5>&nbsp;<\/h5>\r\n                    <hr>\r\n                    <h5><em><span style=\"color: #800000;\"><strong>Biblioteca N\u00e1utica na Ba\u00eda de Todos os Santos (06 a 10\/11\/2017)<\/strong><\/span><\/em><\/h5>\r\n                    <h5><strong><a class=\"grouped_elements\" href=\"https:\/\/nyemba.unilab.edu.br\/wp-content\/uploads\/2017\/03\/BN-IMAGEM.jpg\" rel=\"tc-fancybox-group1119\"><img loading=\"lazy\" decoding=\"async\" class=\"alignleft size-thumbnail wp-image-79\" src=\"https:\/\/nyemba.unilab.edu.br\/wp-content\/uploads\/2017\/03\/BN-IMAGEM-150x150.jpg\" alt=\"\" width=\"150\" height=\"150\"><\/a><\/strong><\/h5>\r\n                    <h5><span style=\"color: #000000;\"><strong>Semana de visita\u00e7\u00e3o &nbsp;<\/strong><\/span><\/h5>\r\n                    <h5>Oficinas de Forma\u00e7\u00e3o, atividades culturais, conta\u00e7\u00e3o de hist\u00f3ria, pedagogia gri\u00f4 entre outras, confira maiores informa\u00e7\u00f5es na sess\u00e3o desta atividade de Extens\u00e3o.<\/h5>\r\n                    <h5><strong>Confira programa\u00e7\u00e3o.<\/strong>&nbsp;\r\n                      <a href=\"https:\/\/nyemba.unilab.edu.br\/index.php\/extensao\/biblioteca-nautica-na-baia-de-todos-os-santos\/programacao-das-visitas\/\" target=\"_blank\" rel=\"noopener noreferrer\"><span style=\"color: #3366ff;\">Clique aqui.<\/span><\/a>\r\n                    <\/h5>\r\n                    <h5>\r\n                      <a href=\"https:\/\/nyemba.unilab.edu.br\/wp-content\/uploads\/2017\/10\/programa%C3%A7%C3%A3o-ok.pdf\" target=\"_blank\" rel=\"noopener noreferrer\">Programa\u00e7\u00e3o da vita pedag\u00f3gica cultural, \u00e0 ser realizada no munic\u00edpio de S\u00e3o Felix- Comunidade do Pilar. Novembro de 2017.pdf<\/a>\r\n                    <\/h5>\r\n                    <h5>S\u00e3o Felix- BA (Comunidade Pilar)<\/h5>\r\n                    <hr>\r\n                    <h5><strong>14\/11\/2017<\/strong><\/h5>\r\n                    <h5><em><span style=\"color: #800000;\"><strong>Encontro de Leitura<\/strong><\/span><\/em><\/h5>\r\n                    <h5>\u2013 Discuss\u00e3o texto Sylvia Caiuby<\/h5>\r\n                    <h5>Link:\r\n                      <a href=\"https:\/\/drive.google.com\/file\/d\/1fCtzyVVCpDpF7_wh9M_bnpetpv6j17Bd\/view\" target=\"_blank\" rel=\"noopener noreferrer\">&nbsp;https:\/\/drive.google.com\/file\/d\/1fCtzyVVCpDpF7_wh9M_bnpetpv6j17Bd\/view<\/a>\r\n                    <\/h5>\r\n                    <h5><strong>Hora:<\/strong>&nbsp;9h30min<\/h5>\r\n                    <h5><strong>Local:<\/strong>&nbsp;UNILAB \u2013 Campus dos Mal\u00eas<\/h5>\r\n                    <h5>\r\n                      <b>Sala:&nbsp;<\/b>04<\/h5>\r\n                    <hr>\r\n                    <h5>&nbsp;<\/h5>\r\n                    <h5>21 a 25\/11\/2017<\/h5>\r\n                    <h5><em><span style=\"color: #800000;\"><strong>Exposi\u00e7\u00e3o \u201cNavio Negreiro \u2013 Castro Alves e Hansen Bahia\u201d<\/strong><\/span><\/em><\/h5>\r\n                    <h5>Estar\u00e1 exposta na UNILAB \u2013 Campus dos Mal\u00eas do dia 21\/11\/2017 \u00e1 25\/11\/2017.<\/h5>\r\n                    <h4><strong>Exposi\u00e7\u00e3o<\/strong><\/h4>\r\n                    <h5>A UNILAB por meio do Grupo de estudos NYEMBA, em parceria com a Funda\u00e7\u00e3o Pedro Calmon por meio do Centro de Memorias da Bahia, apresenta a exposi\u00e7\u00e3o&nbsp;\u201cNavio Negreiro \u2013 Castro Alves e Hansen Bahia\u201d&nbsp;que estar\u00e1 exposta na UNILAB\r\n                      \u2013 Campus dos Mal\u00eas do dia 21\/11\/2017 \u00e1 25\/11\/2017. Em decorr\u00eancia da exposi\u00e7\u00e3o, ser\u00e1 oferecido tamb\u00e9m uma Oficina de Xilogravura com Zimaldo Baptista, que acontecer\u00e1 nos dias 22 de Novembro (manh\u00e3 e tarde) e 23 de Novembro (manh\u00e3)\r\n                      no Campus dos Mal\u00eas.<\/h5>\r\n                    <h5>A exposi\u00e7\u00e3o ser\u00e1 do Poema de Castro Alves \u201cNavio Negreiro\u201d e as obras em Xilogravura que Hansen Bahia criou por meio do poema.<\/h5>\r\n                    <h5>\r\n                      <a class=\"grouped_elements\" href=\"https:\/\/nyemba.unilab.edu.br\/wp-content\/uploads\/2017\/11\/2017-11-20-PHOTO-00000323-2.jpg\" rel=\"tc-fancybox-group1119\">\r\n                        <img loading=\"lazy\" decoding=\"async\" class=\"alignnone wp-image-1445\" src=\"https:\/\/nyemba.unilab.edu.br\/wp-content\/uploads\/2017\/11\/2017-11-20-PHOTO-00000323-2.jpg\" sizes=\"auto, (max-width: 334px) 100vw, 334px\" srcset=\"https:\/\/nyemba.unilab.edu.br\/wp-content\/uploads\/2017\/11\/2017-11-20-PHOTO-00000323-2.jpg 984w, https:\/\/nyemba.unilab.edu.br\/wp-content\/uploads\/2017\/11\/2017-11-20-PHOTO-00000323-2-231x300.jpg 231w, https:\/\/nyemba.unilab.edu.br\/wp-content\/uploads\/2017\/11\/2017-11-20-PHOTO-00000323-2-768x999.jpg 768w, https:\/\/nyemba.unilab.edu.br\/wp-content\/uploads\/2017\/11\/2017-11-20-PHOTO-00000323-2-787x1024.jpg 787w\"\r\n                          alt=\"\" width=\"334\" height=\"434\">\r\n                      <\/a>\r\n                    <\/h5>\r\n                    <h5><strong>Hor\u00e1rio:<\/strong>&nbsp;Permanente<\/h5>\r\n                    <hr>\r\n                    <h5><strong>22 a 23\/11\/2017<\/strong><\/h5>\r\n                    <h5><em><span style=\"color: #800000;\"><strong>Oficina de Xilogravura<\/strong><\/span><\/em><\/h5>\r\n                    <h5>Em decorr\u00eancia da exposi\u00e7\u00e3o, ser\u00e1 oferecido tamb\u00e9m uma Oficina de Xilogravura com Zimaldo Baptista.<\/h5>\r\n                    <h5>Acontecer\u00e1 nos dias 22 de Novembro (manh\u00e3 e tarde) e 23 de Novembro (manh\u00e3) no Campus dos Mal\u00eas.<\/h5>\r\n                    <hr>\r\n                    <h5>&nbsp;<\/h5>\r\n                    <h5><strong>28\/11\/2017<\/strong><\/h5>\r\n                    <h5><em><span style=\"color: #800000;\"><strong>Encontro de Leitura<\/strong><\/span><\/em><\/h5>\r\n                    <h5>\u2013 Discuss\u00e3o texto Tim Ingold <strong>link<\/strong>:\r\n                      <a href=\"https:\/\/drive.google.com\/file\/d\/1UJ2GOjdKnk9sKw9ATqhwT8VUka_bP2BG\/view\" target=\"_blank\" rel=\"noopener noreferrer\">&nbsp;https:\/\/drive.google.com\/file\/d\/1UJ2GOjdKnk9sKw9ATqhwT8VUka_bP2BG\/view<\/a>\r\n                    <\/h5>\r\n                    <h5>Cont\u00e9m o livro completo de Tim Ingold, mas lembro que vamos discutir apenas o Cap\u00edtulo \u201cO Mundo Narrado\u201d.<\/h5>\r\n                    <h5>Boa leitura<\/h5>\r\n                    <h5><strong>Hora:<\/strong>&nbsp;9h30min<\/h5>\r\n                    <h5><strong>Local:<\/strong>&nbsp;UNILAB \u2013 Campus dos Mal\u00eas<\/h5>\r\n                    <h5>\r\n                      <b>Sala:&nbsp;<\/b>04<\/h5>\r\n                    <hr>\r\n                    <h5>&nbsp;<\/h5>\r\n                    <h5><strong>30\/11\/2017<\/strong><\/h5>\r\n                    <h5><em><span style=\"color: #800000;\"><strong>Audiovisual<\/strong><\/span><\/em><\/h5>\r\n                    <h5><strong>Lan\u00e7amento do Filme \u201cAl\u00e9m do Espelho\u201d<\/strong><\/h5>\r\n                    <h5>Ana Flauzina<\/h5>\r\n                    <h5>&nbsp;<\/h5>\r\n                    <h5>\r\n                      <a class=\"grouped_elements\" href=\"https:\/\/nyemba.unilab.edu.br\/wp-content\/uploads\/2017\/10\/alem-do-espelho.jpg\" rel=\"tc-fancybox-group1119\">\r\n                        <img loading=\"lazy\" decoding=\"async\" class=\"wp-image-1300 alignnone\" src=\"https:\/\/nyemba.unilab.edu.br\/wp-content\/uploads\/2017\/10\/alem-do-espelho-207x300.jpg\" sizes=\"auto, (max-width: 307px) 100vw, 307px\" srcset=\"https:\/\/nyemba.unilab.edu.br\/wp-content\/uploads\/2017\/10\/alem-do-espelho-207x300.jpg 207w, https:\/\/nyemba.unilab.edu.br\/wp-content\/uploads\/2017\/10\/alem-do-espelho.jpg 663w\"\r\n                          alt=\"\" width=\"332\" height=\"481\">\r\n                      <\/a>\r\n                    <\/h5>\r\n                    <h5>&nbsp;<\/h5>\r\n                    <h5><strong>Local:<\/strong>&nbsp;UNILAB \u2013 Campus dos Mal\u00eas<\/h5>\r\n                    <h5><strong>Hora:<\/strong>&nbsp;17h30min<\/h5>\r\n                    <h5><strong>Sala:<\/strong>&nbsp;Audit\u00f3rio<\/h5>\r\n                    <hr>\r\n                    <h5>&nbsp;<strong>18\/12\/2017<\/strong><\/h5>\r\n                    <h5><em><span style=\"color: #800000;\"><strong>Encontro Biblioteca N\u00e1utica<\/strong><\/span><\/em><\/h5>\r\n                    <h5>\u00daltima reuni\u00e3o do ano de 2017. Encontro de fraterniza\u00e7\u00e3o com toda a equipe<\/h5>\r\n                    <h5><strong>Local:<\/strong>&nbsp;UNILAB \u2013 Campus dos Mal\u00eas<\/h5>\r\n                    <h5><strong>Hora:<\/strong>&nbsp;10h<\/h5>\r\n                    <h5><strong>Sala:12<\/strong><\/h5>\r\n                    <h5>&nbsp;<\/h5>\r\n                    <h5><strong>LAN\u00c7AMENTOS:<\/strong><\/h5>\r\n                    <h5>&nbsp;<\/h5>\r\n                    <h5>\r\n                      <a class=\"grouped_elements\" href=\"https:\/\/nyemba.unilab.edu.br\/wp-content\/uploads\/2017\/12\/IMG_20171215_184655.png\" rel=\"tc-fancybox-group1119\">\r\n                        <img loading=\"lazy\" decoding=\"async\" class=\"alignleft wp-image-1630 \" src=\"https:\/\/nyemba.unilab.edu.br\/wp-content\/uploads\/2017\/12\/IMG_20171215_184655-300x251.png\" sizes=\"auto, (max-width: 300px) 100vw, 300px\" srcset=\"https:\/\/nyemba.unilab.edu.br\/wp-content\/uploads\/2017\/12\/IMG_20171215_184655-300x251.png 300w, https:\/\/nyemba.unilab.edu.br\/wp-content\/uploads\/2017\/12\/IMG_20171215_184655-768x644.png 768w, https:\/\/nyemba.unilab.edu.br\/wp-content\/uploads\/2017\/12\/IMG_20171215_184655.png 940w\"\r\n                          alt=\"\" width=\"342\" height=\"286\">\r\n                      <\/a>\r\n                    <\/h5>\r\n                    <h5>&nbsp;<\/h5>\r\n                    <h5>&nbsp;<\/h5>\r\n                    <h5>&nbsp;<\/h5>\r\n                    <h5>&nbsp;<\/h5>\r\n                    <h5>&nbsp;<\/h5>\r\n                    <h5>&nbsp;<\/h5>\r\n                    <h5>&nbsp;<\/h5>\r\n                    <hr>\r\n                    <h5><strong>19\/12\/2017<\/strong><\/h5>\r\n                    <h5><em><span style=\"color: #800000;\"><strong>Confraterniza\u00e7\u00e3o do NYEMBA<\/strong><\/span><\/em><\/h5>\r\n                    <h5>&nbsp;Como o fim do nosso semestre se aproxima realizaremos nosso \u00faltimo encontro de 2017,&nbsp;&nbsp;\r\n                      <b>no dia 19 de dezembro, \u00e1s 9h30, na sala 12 do Campus dos Mal\u00eas.<\/b>\r\n                    <\/h5>\r\n                    <h5 class=\"m_-9176363826466877987gmail-MsoNormal\">A ideia \u00e9 possamos assistir ao Filme \u201cIroco: a \u00e1rvore sagrada\u201d&nbsp;(produzido sob coordena\u00e7\u00e3o da Prof\u00aa Dra. Claudilene Maria da Silva) e celebrar os aprendizados que foram constru\u00eddos, e tudo que vivenciamos em decorr\u00eancia deles,\r\n                      no semestre.<\/h5>\r\n                    <h5 class=\"m_-9176363826466877987gmail-MsoNormal\">Realizaremos um lanche coletivo. Como da \u00faltima vez, cada um traz &nbsp;algo para compartilhar.<\/h5>\r\n                    <h5>Esperamos por todxs nessa confraterniza\u00e7\u00e3o.<\/h5>\r\n                    <hr>\r\n                    <h5>&nbsp;<\/h5>\r\n                    <hr>\r\n                  <\/div>\r\n                <\/div>\r\n              <\/div>\r\n            <\/div>\r\n          <\/div>\r\n        <\/div>\r\n      <\/div>\r\n    <\/div>\r\n  <\/div>\r\n<\/div>","protected":false},"excerpt":{"rendered":"<p>Conhe\u00e7a todas as atividades a serem realizadas no primeiro semestre de 2017.<br \/>\nEssas atividades acontecer\u00e3o na Unilab Campus dos Mal\u00eas e espelhadas pelo Reconcavo Baiano.<br \/>\nFique por dentro do nosso cronograma e venha participar conosco.<\/p>\n","protected":false},"author":2,"featured_media":266,"parent":0,"menu_order":0,"comment_status":"closed","ping_status":"closed","template":"page-templates\/full-width-page.php","meta":{"footnotes":""},"class_list":["post-176","page","type-page","status-publish","has-post-thumbnail","hentry"],"_links":{"self":[{"href":"https:\/\/nyemba.unilab.edu.br\/index.php\/wp-json\/wp\/v2\/pages\/176","targetHints":{"allow":["GET"]}}],"collection":[{"href":"https:\/\/nyemba.unilab.edu.br\/index.php\/wp-json\/wp\/v2\/pages"}],"about":[{"href":"https:\/\/nyemba.unilab.edu.br\/index.php\/wp-json\/wp\/v2\/types\/page"}],"author":[{"embeddable":true,"href":"https:\/\/nyemba.unilab.edu.br\/index.php\/wp-json\/wp\/v2\/users\/2"}],"replies":[{"embeddable":true,"href":"https:\/\/nyemba.unilab.edu.br\/index.php\/wp-json\/wp\/v2\/comments?post=176"}],"version-history":[{"count":20,"href":"https:\/\/nyemba.unilab.edu.br\/index.php\/wp-json\/wp\/v2\/pages\/176\/revisions"}],"predecessor-version":[{"id":3647,"href":"https:\/\/nyemba.unilab.edu.br\/index.php\/wp-json\/wp\/v2\/pages\/176\/revisions\/3647"}],"wp:featuredmedia":[{"embeddable":true,"href":"https:\/\/nyemba.unilab.edu.br\/index.php\/wp-json\/wp\/v2\/media\/266"}],"wp:attachment":[{"href":"https:\/\/nyemba.unilab.edu.br\/index.php\/wp-json\/wp\/v2\/media?parent=176"}],"curies":[{"name":"wp","href":"https:\/\/api.w.org\/{rel}","templated":true}]}}