{"id":3193,"date":"2025-09-12T16:50:26","date_gmt":"2025-09-12T19:50:26","guid":{"rendered":"https:\/\/nyemba.unilab.edu.br\/?page_id=3193"},"modified":"2025-11-08T13:36:59","modified_gmt":"2025-11-08T16:36:59","slug":"equipe","status":"publish","type":"page","link":"https:\/\/nyemba.unilab.edu.br\/index.php\/equipe\/","title":{"rendered":"Equipe"},"content":{"rendered":"\n<h2 class=\"wp-block-heading has-text-align-center has-colibri-color-6-color has-text-color has-link-color has-x-large-font-size wp-elements-4b42628e345f66cdedff6d481d4bdd8f\">Coordena\u00e7\u00e3o <br>2025-2027<\/h2>\n\n\n\n<div style=\"height:50px\" aria-hidden=\"true\" class=\"wp-block-spacer\"><\/div>\n\n\n\n<div class=\"wp-block-columns is-layout-flex wp-container-core-columns-is-layout-9d6595d7 wp-block-columns-is-layout-flex\">\n<div class=\"wp-block-column is-layout-flow wp-block-column-is-layout-flow\"><div class=\"wp-block-image\">\n<figure class=\"aligncenter size-medium\"><img loading=\"lazy\" decoding=\"async\" width=\"288\" height=\"300\" src=\"https:\/\/nyemba.unilab.edu.br\/wp-content\/uploads\/2025\/09\/marcio-288x300.jpg\" alt=\"\" class=\"wp-image-3186\" srcset=\"https:\/\/nyemba.unilab.edu.br\/wp-content\/uploads\/2025\/09\/marcio-288x300.jpg 288w, https:\/\/nyemba.unilab.edu.br\/wp-content\/uploads\/2025\/09\/marcio-768x800.jpg 768w, https:\/\/nyemba.unilab.edu.br\/wp-content\/uploads\/2025\/09\/marcio.jpg 828w\" sizes=\"auto, (max-width: 288px) 100vw, 288px\" \/><\/figure>\n<\/div>\n\n\n<p class=\"has-text-align-center has-colibri-color-6-color has-text-color has-link-color wp-elements-e01d46a530b212491d64e738af7d7066\"><strong>Coordenador<\/strong><\/p>\n<\/div>\n\n\n\n<div class=\"wp-block-column is-layout-flow wp-block-column-is-layout-flow\">\n<p class=\"has-colibri-color-6-color has-text-color has-link-color has-medium-font-size wp-elements-6cb270c4e0685e6e7805108b7ecde263\"><strong>Marcio Andr\u00e9 de Oliveira dos Santos<\/strong><\/p>\n\n\n\n<p class=\"has-colibri-color-6-color has-text-color has-link-color wp-elements-bc690a7fe6b39c012fc327ab1db6db74\">Professor da UNILAB, campus dos Mal\u00eas. Atual coordenador do Nyemba &#8211; Processos Sociais, Mem\u00f3rias e Narrativas Brasil\/\u00c1frica. Pesquiso rela\u00e7\u00f5es \u00e9tnico-raciais, movimentos sociais e movimentos negros<\/p>\n\n\n\n<div class=\"wp-block-buttons is-content-justification-center is-layout-flex wp-container-core-buttons-is-layout-16018d1d wp-block-buttons-is-layout-flex\">\n<div class=\"wp-block-button\"><a class=\"wp-block-button__link has-text-align-center wp-element-button\" href=\"http:\/\/lattes.cnpq.br\/9029212127227446\">Lattes<\/a><\/div>\n<\/div>\n<\/div>\n<\/div>\n\n\n\n<div style=\"height:50px\" aria-hidden=\"true\" class=\"wp-block-spacer\"><\/div>\n\n\n\n<div class=\"wp-block-columns is-layout-flex wp-container-core-columns-is-layout-9d6595d7 wp-block-columns-is-layout-flex\">\n<div class=\"wp-block-column is-layout-flow wp-block-column-is-layout-flow\"><div class=\"wp-block-image\">\n<figure class=\"aligncenter size-medium\"><img loading=\"lazy\" decoding=\"async\" width=\"300\" height=\"300\" src=\"https:\/\/nyemba.unilab.edu.br\/wp-content\/uploads\/2025\/09\/ana-claudia-300x300.jpg\" alt=\"\" class=\"wp-image-3187\" srcset=\"https:\/\/nyemba.unilab.edu.br\/wp-content\/uploads\/2025\/09\/ana-claudia-300x300.jpg 300w, https:\/\/nyemba.unilab.edu.br\/wp-content\/uploads\/2025\/09\/ana-claudia-150x150.jpg 150w, https:\/\/nyemba.unilab.edu.br\/wp-content\/uploads\/2025\/09\/ana-claudia.jpg 640w\" sizes=\"auto, (max-width: 300px) 100vw, 300px\" \/><\/figure>\n<\/div>\n\n\n<p class=\"has-text-align-center has-colibri-color-6-color has-text-color has-link-color wp-elements-6f211ff5b05058af325a1484ea026c49\"><strong>Vice-coordenadora<\/strong><\/p>\n<\/div>\n\n\n\n<div class=\"wp-block-column is-layout-flow wp-block-column-is-layout-flow\">\n<p class=\"has-colibri-color-6-color has-text-color has-link-color has-medium-font-size wp-elements-6f573ad4e2bb6e8cc41797a5d933cc50\"><strong>Ana Cl\u00e1udia Gomes de Souza<\/strong><\/p>\n\n\n\n<p>Antrop\u00f3loga, pesquisadora dos Grupos de Pesquisa Nyemba (UNILAB) e do PINEB (UFBA). Realiza est\u00e1gio de p\u00f3s-doc na Uni-CV junto ao PPGCS e CIGEF, bolsista do Programa Especial de Coopera\u00e7\u00e3o Internacional PECI\/CNPq. Experi\u00eancia na \u00e1rea de Antropologia, com \u00eanfase em etnologia ind\u00edgena e antropologia da educa\u00e7\u00e3o, desenvolvendo pesquisas sobre povos ind\u00edgenas, educa\u00e7\u00e3o ind\u00edgena, juventude, migra\u00e7\u00e3o estudantil, a\u00e7\u00f5es afirmativas, diversidade na universidade, est\u00e1gio e ensino em ci\u00eancias sociais.<\/p>\n\n\n\n<div class=\"wp-block-buttons is-content-justification-center is-layout-flex wp-container-core-buttons-is-layout-16018d1d wp-block-buttons-is-layout-flex\">\n<div class=\"wp-block-button\"><a class=\"wp-block-button__link wp-element-button\" href=\"http:\/\/lattes.cnpq.br\/9368778418461266\">Lattes<\/a><\/div>\n<\/div>\n<\/div>\n<\/div>\n\n\n\n<div style=\"height:50px\" aria-hidden=\"true\" class=\"wp-block-spacer\"><\/div>\n\n\n\n<h2 class=\"wp-block-heading has-text-align-center has-colibri-color-6-color has-text-color has-link-color has-x-large-font-size wp-elements-48668714461753b3a2e0a13a15d095dd\">Gest\u00f5es anteriores<\/h2>\n\n\n\n<p class=\"has-text-align-center has-text-color has-background has-link-color wp-elements-7eecd0b0be2099859cb596626ecf530e\" style=\"color:#000000;background-color:#cfd1e9\"><strong>2023 &#8211; 2024<\/strong><br>Coordena\u00e7\u00e3o: Claudilene Maria da Silva<br>Vice-coordena\u00e7\u00e3o: Ana Cl\u00e1udia Gomes de Souza<\/p>\n\n\n\n<p class=\"has-text-align-center has-text-color has-background has-link-color wp-elements-4ec5952b5d9d04f7c5bcc3100eec43fa\" style=\"color:#000000;background-color:#cfd1e9\"><strong>2021 &#8211; 2022<\/strong><br>Coordena\u00e7\u00e3o: Maria Andrea dos Santos Soares<br>Vice-coordena\u00e7\u00e3o: Mariana da Costa Aguiar Petroni<\/p>\n\n\n\n<p class=\"has-text-align-center has-text-color has-background has-link-color wp-elements-3c5880014f421c156eff92e0e4803dd0\" style=\"color:#000000;background-color:#cfd1e9\"><strong>2019 &#8211; 2020<\/strong><br>Coordena\u00e7\u00e3o: Zelinda dos Santos Barros<br>Vice-coordena\u00e7\u00e3o: Mariana da Costa Aguiar Petroni<\/p>\n\n\n\n<p class=\"has-text-align-center has-text-color has-background has-link-color wp-elements-8efc1211913836b7149a2a0f97d70c2a\" style=\"color:#000000;background-color:#cfd1e9\"><strong>2017 \u2013 2018<\/strong><br>Coordena\u00e7\u00e3o: Cristiane Santos Souza<br>Vice-coordena\u00e7\u00e3o: Claudilene Maria da Silva<\/p>\n\n\n\n<p class=\"has-text-align-center has-text-color has-background has-link-color wp-elements-3060afcf36608c0e403ca683007bce47\" style=\"color:#000000;background-color:#cfd1e9\"><strong>2014 \u2013 2016<\/strong><br>Coordena\u00e7\u00e3o: Cristiane Santos Souza<\/p>\n\n\n\n<div style=\"height:50px\" aria-hidden=\"true\" class=\"wp-block-spacer\"><\/div>\n\n\n\n<h2 class=\"wp-block-heading has-text-align-center has-colibri-color-1-color has-text-color has-link-color has-x-large-font-size wp-elements-02d8f307158a480581fcc2935c066ce9\">Pesquisadoras\/es <\/h2>\n\n\n\n<div style=\"height:50px\" aria-hidden=\"true\" class=\"wp-block-spacer\"><\/div>\n\n\n\n<div class=\"wp-block-columns is-layout-flex wp-container-core-columns-is-layout-9d6595d7 wp-block-columns-is-layout-flex\">\n<div class=\"wp-block-column is-layout-flow wp-block-column-is-layout-flow\"><div class=\"wp-block-image\">\n<figure class=\"aligncenter size-medium\"><img loading=\"lazy\" decoding=\"async\" width=\"208\" height=\"300\" src=\"https:\/\/nyemba.unilab.edu.br\/wp-content\/uploads\/2025\/09\/cristiane-208x300.jpeg\" alt=\"\" class=\"wp-image-3200\" srcset=\"https:\/\/nyemba.unilab.edu.br\/wp-content\/uploads\/2025\/09\/cristiane-208x300.jpeg 208w, https:\/\/nyemba.unilab.edu.br\/wp-content\/uploads\/2025\/09\/cristiane-710x1024.jpeg 710w, https:\/\/nyemba.unilab.edu.br\/wp-content\/uploads\/2025\/09\/cristiane-768x1107.jpeg 768w, https:\/\/nyemba.unilab.edu.br\/wp-content\/uploads\/2025\/09\/cristiane.jpeg 888w\" sizes=\"auto, (max-width: 208px) 100vw, 208px\" \/><\/figure>\n<\/div><\/div>\n\n\n\n<div class=\"wp-block-column is-layout-flow wp-block-column-is-layout-flow\">\n<p class=\"has-colibri-color-6-color has-text-color has-link-color has-medium-font-size wp-elements-02841d1e1366cff5438aebed1fd07416\"><strong>Cristiane Santos Souza<\/strong><\/p>\n\n\n\n<p>Professora da UNILAB, Campus dos Mal\u00eas, S\u00e3o Francisco do Conde, Bahia, desde 2014; e do Programa Multidisciplinar de P\u00f3s-Gradua\u00e7\u00e3o em Estudos \u00c9tnicos e Africanos, P\u00f3s-Afro\/UFBA. Pesquisadora dos grupos de Pesquisa Nyemba &#8211; Processos Sociais, Mem\u00f3rias e Narrativas Brasil\/\u00c1frica Nyemba; e do \u00ccT\u00c0N &#8211; Po\u00e9ticas da Imagem: Outras Grafias, Narrativas Insurgentes (UFBA). P\u00f3s-doutora em Estudos Comparados de Ensino Superior, Pol\u00edticas P\u00fablicas e Inova\u00e7\u00e3o pela Universidade Eduardo Mondlane (UEM), em Mo\u00e7ambique. Doutora em Antropologia Social (UNICAMP); Mestra em Ci\u00eancias Sociais, com \u00eanfase em Antropologia (UFBA) e Graduada em Ci\u00eancias Sociais (UFBA). Pesquisa temas relacionados \u00e0s rela\u00e7\u00f5es raciais e de g\u00eanero; mem\u00f3ria, trajet\u00f3rias de vida, identidades; territ\u00f3rios e processos sociais; educa\u00e7\u00e3o e movimentos sociais.<\/p>\n\n\n\n<div class=\"wp-block-buttons is-content-justification-center is-layout-flex wp-container-core-buttons-is-layout-16018d1d wp-block-buttons-is-layout-flex\">\n<div class=\"wp-block-button\"><a class=\"wp-block-button__link wp-element-button\" href=\"http:\/\/lattes.cnpq.br\/8814476853305554\">Lattes<\/a><\/div>\n<\/div>\n<\/div>\n<\/div>\n\n\n\n<div class=\"wp-block-columns is-layout-flex wp-container-core-columns-is-layout-9d6595d7 wp-block-columns-is-layout-flex\">\n<div class=\"wp-block-column is-layout-flow wp-block-column-is-layout-flow\">\n<p class=\"has-colibri-color-6-color has-text-color has-link-color has-medium-font-size wp-elements-dd407384856dde34b34ce2ccd167c159\"><\/p>\n\n\n<div class=\"wp-block-image\">\n<figure class=\"aligncenter size-medium\"><img loading=\"lazy\" decoding=\"async\" width=\"300\" height=\"300\" src=\"https:\/\/nyemba.unilab.edu.br\/wp-content\/uploads\/2025\/09\/zelinda-300x300.jpg\" alt=\"\" class=\"wp-image-3201\" srcset=\"https:\/\/nyemba.unilab.edu.br\/wp-content\/uploads\/2025\/09\/zelinda-300x300.jpg 300w, https:\/\/nyemba.unilab.edu.br\/wp-content\/uploads\/2025\/09\/zelinda-150x150.jpg 150w, https:\/\/nyemba.unilab.edu.br\/wp-content\/uploads\/2025\/09\/zelinda.jpg 640w\" sizes=\"auto, (max-width: 300px) 100vw, 300px\" \/><\/figure>\n<\/div><\/div>\n\n\n\n<div class=\"wp-block-column is-layout-flow wp-block-column-is-layout-flow\">\n<p class=\"has-colibri-color-6-color has-text-color has-link-color has-medium-font-size wp-elements-e3fd2fc0ec0692a1b990e7fc33f9ac75\"><strong>Zelinda dos Santos Barros<\/strong><\/p>\n\n\n\n<p class=\"has-colibri-color-6-color has-text-color has-link-color wp-elements-d4598447a9ade37ac1659622de17a26c\">Antrop\u00f3loga, docente adjunta da Universidade da Integra\u00e7\u00e3o Internacional da Lusofonia Afro-brasileira (UNILAB). Doutora em Estudos \u00c9tnicos e Africanos (UFBA, 2013), Mestra em Ci\u00eancias Sociais (UFBA, 2003), Especialista em Educa\u00e7\u00e3o \u00e0 Dist\u00e2ncia (Servi\u00e7o Nacional de Aprendizagem Comercial, 2008) e Bacharela em Ci\u00eancias Sociais (UFBA, 2000). Fez P\u00f3s-doutorado em Ci\u00eancias Sociais (Universidade Federal do Rec\u00f4ncavo da Bahia, de 2014 a 2018). Membro do grupo de pesquisa NYEMBA &#8211; Processos Sociais, Mem\u00f3rias e Narrativas Brasil\/\u00c1frica (UNILAB). Conselheira suplente do Conselho Estadual de Educa\u00e7\u00e3o da Bahia, per\u00edodo 2018-2022. Editora do \u201cCalend\u00e1rio Negro\u201d. Tem experi\u00eancia na \u00e1rea de Antropologia, com \u00eanfase em Educa\u00e7\u00e3o, G\u00eanero e Rela\u00e7\u00f5es Raciais, atuando principalmente nas seguintes sub\u00e1reas: Educa\u00e7\u00e3o e Novas Tecnologias, Antropologia das Popula\u00e7\u00f5es Afro-brasileiras, Antropologia Feminista, Antropologia da Educa\u00e7\u00e3o, Antropologia da Cibercultura, Sociologia da Educa\u00e7\u00e3o. Tem experi\u00eancia em EAD (Programas de Forma\u00e7\u00e3o de Professores do MEC), tendo como parceira a Universidade Federal da Bahia (UFBA). Tem experi\u00eancia em Design Instrucional e Tutoria Online na plataforma Moodle. Coordenou o primeiro Curso de Forma\u00e7\u00e3o de Professoras\/es para o Ensino de Hist\u00f3ria e Cultura Afro-brasileiras na modalidade EAD da UFBA. Consultora em Educa\u00e7\u00e3o a Dist\u00e2ncia, Educa\u00e7\u00e3o e Diversidade. Membro da Associa\u00e7\u00e3o Brasileira de Pesquisadores\/as Negros\/as (ABPN e da Sociedade Brasileira para o Progresso da Ci\u00eancia (SBPC).<\/p>\n\n\n\n<div class=\"wp-block-buttons is-content-justification-center is-layout-flex wp-container-core-buttons-is-layout-16018d1d wp-block-buttons-is-layout-flex\">\n<div class=\"wp-block-button\"><a class=\"wp-block-button__link wp-element-button\" href=\"http:\/\/lattes.cnpq.br\/6583938355056116\">Lattes<\/a><\/div>\n<\/div>\n<\/div>\n<\/div>\n\n\n\n<div class=\"wp-block-columns is-layout-flex wp-container-core-columns-is-layout-9d6595d7 wp-block-columns-is-layout-flex\">\n<div class=\"wp-block-column is-layout-flow wp-block-column-is-layout-flow\"><div class=\"wp-block-image\">\n<figure class=\"aligncenter size-medium\"><img loading=\"lazy\" decoding=\"async\" width=\"300\" height=\"300\" src=\"https:\/\/nyemba.unilab.edu.br\/wp-content\/uploads\/2025\/09\/maria-andrea-300x300.jpg\" alt=\"\" class=\"wp-image-3203\" srcset=\"https:\/\/nyemba.unilab.edu.br\/wp-content\/uploads\/2025\/09\/maria-andrea-300x300.jpg 300w, https:\/\/nyemba.unilab.edu.br\/wp-content\/uploads\/2025\/09\/maria-andrea-150x150.jpg 150w, https:\/\/nyemba.unilab.edu.br\/wp-content\/uploads\/2025\/09\/maria-andrea.jpg 640w\" sizes=\"auto, (max-width: 300px) 100vw, 300px\" \/><\/figure>\n<\/div><\/div>\n\n\n\n<div class=\"wp-block-column is-layout-flow wp-block-column-is-layout-flow\">\n<p class=\"has-colibri-color-6-color has-text-color has-link-color has-medium-font-size wp-elements-336a3f6c8c236088b3662fcedb55983d\"><strong>Maria Andrea dos Santos Soares<\/strong><\/p>\n\n\n\n<p class=\"has-colibri-color-6-color has-text-color has-link-color wp-elements-da1c4d58ade12dc238937c6d2dc1041b\">Sou docente da UNILAB desde 2017. Tenho interesse nas discuss\u00f5es sobre negritude, rela\u00e7\u00f5es raciais, e cultura afro brasileira. Sou graduada em Licenciatura em Arte Educa\u00e7\u00e3o (UFSM), Mestra em Antropologia Social (UFRGS) e Doutora em Antropologia Social (UT).<\/p>\n\n\n\n<div class=\"wp-block-buttons is-content-justification-center is-layout-flex wp-container-core-buttons-is-layout-16018d1d wp-block-buttons-is-layout-flex\">\n<div class=\"wp-block-button\"><a class=\"wp-block-button__link wp-element-button\" href=\"http:\/\/lattes.cnpq.br\/1221109091620338\">Lattes<\/a><\/div>\n<\/div>\n<\/div>\n<\/div>\n\n\n\n<div class=\"wp-block-columns is-layout-flex wp-container-core-columns-is-layout-9d6595d7 wp-block-columns-is-layout-flex\">\n<div class=\"wp-block-column is-layout-flow wp-block-column-is-layout-flow\">\n<p class=\"has-colibri-color-6-color has-text-color has-link-color has-medium-font-size wp-elements-dd407384856dde34b34ce2ccd167c159\"><\/p>\n\n\n<div class=\"wp-block-image\">\n<figure class=\"aligncenter size-medium\"><img loading=\"lazy\" decoding=\"async\" width=\"169\" height=\"300\" src=\"https:\/\/nyemba.unilab.edu.br\/wp-content\/uploads\/2025\/09\/Mariana-169x300.jpg\" alt=\"\" class=\"wp-image-3204\" srcset=\"https:\/\/nyemba.unilab.edu.br\/wp-content\/uploads\/2025\/09\/Mariana-169x300.jpg 169w, https:\/\/nyemba.unilab.edu.br\/wp-content\/uploads\/2025\/09\/Mariana-576x1024.jpg 576w, https:\/\/nyemba.unilab.edu.br\/wp-content\/uploads\/2025\/09\/Mariana-rotated.jpg 720w\" sizes=\"auto, (max-width: 169px) 100vw, 169px\" \/><\/figure>\n<\/div><\/div>\n\n\n\n<div class=\"wp-block-column is-layout-flow wp-block-column-is-layout-flow\">\n<p class=\"has-colibri-color-6-color has-text-color has-link-color has-medium-font-size wp-elements-99f1e75bf0b136e388d6b6f32b548a6c\"><strong>Mariana da Costa Aguiar Petroni<\/strong><\/p>\n\n\n\n<p class=\"has-colibri-color-6-color has-text-color has-link-color wp-elements-d24b6005b484970d3355336090b70d2a\">Sou m\u00e3e e professora da UNILAB, Campus dos Mal\u00eas desde 2016. Pesquisadora dos grupos de Pesquisa Nyemba &#8211; Processos Sociais, Mem\u00f3rias e Narrativas Brasil\/\u00c1frica Nyemba e do L\u2019agrima &#8211; Laborat\u00f3rio de Grafias e Imagens em Antropologia da UNICAMP. P\u00f3s-Doutora em Antropologia pela UNICAMP onde tamb\u00e9m cursou seu doutorado. Mestre em Antropologia pelo CIESAS\/M\u00e9xico e formada em Ci\u00eancias Sociais pela USP. Atuo em projetos sobre grafias, artes e povos ind\u00edgenas.<\/p>\n\n\n\n<div class=\"wp-block-buttons is-content-justification-center is-layout-flex wp-container-core-buttons-is-layout-16018d1d wp-block-buttons-is-layout-flex\">\n<div class=\"wp-block-button\"><a class=\"wp-block-button__link wp-element-button\" href=\"http:\/\/lattes.cnpq.br\/0378563646135737\">Lattes<\/a><\/div>\n<\/div>\n<\/div>\n<\/div>\n\n\n\n<div class=\"wp-block-columns is-layout-flex wp-container-core-columns-is-layout-9d6595d7 wp-block-columns-is-layout-flex\">\n<div class=\"wp-block-column is-layout-flow wp-block-column-is-layout-flow\"><div class=\"wp-block-image\">\n<figure class=\"aligncenter size-medium\"><img loading=\"lazy\" decoding=\"async\" width=\"209\" height=\"300\" src=\"https:\/\/nyemba.unilab.edu.br\/wp-content\/uploads\/2025\/09\/claudilene-209x300.jpg\" alt=\"\" class=\"wp-image-3206\" srcset=\"https:\/\/nyemba.unilab.edu.br\/wp-content\/uploads\/2025\/09\/claudilene-209x300.jpg 209w, https:\/\/nyemba.unilab.edu.br\/wp-content\/uploads\/2025\/09\/claudilene-712x1024.jpg 712w, https:\/\/nyemba.unilab.edu.br\/wp-content\/uploads\/2025\/09\/claudilene-768x1105.jpg 768w, https:\/\/nyemba.unilab.edu.br\/wp-content\/uploads\/2025\/09\/claudilene.jpg 890w\" sizes=\"auto, (max-width: 209px) 100vw, 209px\" \/><\/figure>\n<\/div><\/div>\n\n\n\n<div class=\"wp-block-column is-layout-flow wp-block-column-is-layout-flow\">\n<p class=\"has-colibri-color-6-color has-text-color has-link-color has-medium-font-size wp-elements-8480b6974544912069ffab751c0d5a09\"><strong>Claudilene Maria da Silva<\/strong><\/p>\n\n\n\n<p class=\"has-colibri-color-6-color has-text-color has-link-color wp-elements-d030760bd75884870f5b5f2bd4036e8b\">Pedagoga, produtora cultural e pesquisadora da cultura afro-brasileira. Especialista em literatura africana de l\u00edngua portuguesa, mestre e doutora em educa\u00e7\u00e3o. \u00c9 professora da UNILAB\/ Campus dos Mal\u00eas (BA), desde 2016. Foi coordenadora do curso de pedagogia do Campus dos Mal\u00eas e do N\u00facleo de Estudos Africanos, Afro-Brasileiros e Ind\u00edgenas (NEAABI\/UNILAB). Em 2023, coordenou o Projeto Afrocientista, no \u00e2mbito do Rec\u00f4ncavo da Bahia, uma iniciativa da Associa\u00e7\u00e3o Brasileira de Pesquisadores\/as Negros\/as.<\/p>\n\n\n\n<div class=\"wp-block-buttons is-content-justification-center is-layout-flex wp-container-core-buttons-is-layout-16018d1d wp-block-buttons-is-layout-flex\">\n<div class=\"wp-block-button\"><a class=\"wp-block-button__link wp-element-button\" href=\"http:\/\/lattes.cnpq.br\/5637844544469243\">Lattes<\/a><\/div>\n<\/div>\n<\/div>\n<\/div>\n\n\n\n<div class=\"wp-block-columns is-layout-flex wp-container-core-columns-is-layout-9d6595d7 wp-block-columns-is-layout-flex\">\n<div class=\"wp-block-column is-layout-flow wp-block-column-is-layout-flow\">\n<p class=\"has-colibri-color-6-color has-text-color has-link-color has-medium-font-size wp-elements-dd407384856dde34b34ce2ccd167c159\"><\/p>\n\n\n<div class=\"wp-block-image\">\n<figure class=\"aligncenter size-medium\"><img loading=\"lazy\" decoding=\"async\" width=\"169\" height=\"300\" src=\"https:\/\/nyemba.unilab.edu.br\/wp-content\/uploads\/2025\/09\/iris-169x300.jpeg\" alt=\"\" class=\"wp-image-3207\" srcset=\"https:\/\/nyemba.unilab.edu.br\/wp-content\/uploads\/2025\/09\/iris-169x300.jpeg 169w, https:\/\/nyemba.unilab.edu.br\/wp-content\/uploads\/2025\/09\/iris-576x1024.jpeg 576w, https:\/\/nyemba.unilab.edu.br\/wp-content\/uploads\/2025\/09\/iris-768x1366.jpeg 768w, https:\/\/nyemba.unilab.edu.br\/wp-content\/uploads\/2025\/09\/iris-864x1536.jpeg 864w, https:\/\/nyemba.unilab.edu.br\/wp-content\/uploads\/2025\/09\/iris.jpeg 899w\" sizes=\"auto, (max-width: 169px) 100vw, 169px\" \/><\/figure>\n<\/div><\/div>\n\n\n\n<div class=\"wp-block-column is-layout-flow wp-block-column-is-layout-flow\">\n<p class=\"has-colibri-color-6-color has-text-color has-link-color has-medium-font-size wp-elements-28fcd54e4d48ba70a2e175c36a72102f\"><strong>\u00cdris Gomes dos Santos<\/strong><\/p>\n\n\n\n<p class=\"has-colibri-color-6-color has-text-color has-link-color wp-elements-dae19e22c5a2f9dd382070be63aaa444\">Est\u00e1gio p\u00f3s-doutoral em Ci\u00eancias Sociais (PPGCS\/UFBA), doutorado em Ci\u00eancia Pol\u00edtica (PPGCP\/UFMG), mestrado em Ci\u00eancias Sociais (PPGC\/UFBA) e Bacharelado em Secretariado Executivo. Atuou em diversos projetos de pesquisa e desenvolvimento em parcerias com organismos nacionais (MPA\/MDA\/SEPIR) e internacionais de fomento (FAO\/ONU\/CIDA). \u00c9 pesquisadora do Instituto Nacional de Ci\u00eancia e Tecnologia INCT &#8211; QualiGov e docente permanente do Programa de P\u00f3s-Gradua\u00e7\u00e3o em Seguran\u00e7a P\u00fablica, Justi\u00e7a e Cidadania (PPGSP\/UFBA).<\/p>\n\n\n\n<div class=\"wp-block-buttons is-content-justification-center is-layout-flex wp-container-core-buttons-is-layout-16018d1d wp-block-buttons-is-layout-flex\">\n<div class=\"wp-block-button\"><a class=\"wp-block-button__link wp-element-button\" href=\"http:\/\/lattes.cnpq.br\/7374216741575979\">Lattes<\/a><\/div>\n<\/div>\n<\/div>\n<\/div>\n\n\n\n<div class=\"wp-block-columns is-layout-flex wp-container-core-columns-is-layout-9d6595d7 wp-block-columns-is-layout-flex\">\n<div class=\"wp-block-column is-layout-flow wp-block-column-is-layout-flow\"><div class=\"wp-block-image\">\n<figure class=\"aligncenter size-medium\"><img loading=\"lazy\" decoding=\"async\" width=\"300\" height=\"300\" src=\"https:\/\/nyemba.unilab.edu.br\/wp-content\/uploads\/2025\/09\/marlon_marcus_vieira_passos-300x300.jpg\" alt=\"\" class=\"wp-image-3215\" srcset=\"https:\/\/nyemba.unilab.edu.br\/wp-content\/uploads\/2025\/09\/marlon_marcus_vieira_passos-300x300.jpg 300w, https:\/\/nyemba.unilab.edu.br\/wp-content\/uploads\/2025\/09\/marlon_marcus_vieira_passos-150x150.jpg 150w, https:\/\/nyemba.unilab.edu.br\/wp-content\/uploads\/2025\/09\/marlon_marcus_vieira_passos.jpg 550w\" sizes=\"auto, (max-width: 300px) 100vw, 300px\" \/><\/figure>\n<\/div><\/div>\n\n\n\n<div class=\"wp-block-column is-layout-flow wp-block-column-is-layout-flow\">\n<p class=\"has-colibri-color-6-color has-text-color has-link-color has-medium-font-size wp-elements-2d3c082cf9760f1036eba4969c4bf295\"><strong>Marlon Marcos Vieira Passos<\/strong><\/p>\n\n\n\n<p class=\"has-colibri-color-6-color has-text-color has-link-color wp-elements-8a00ecaa8c4b837e76a6880ba2ce5480\">Nascido em Salvador, no Centro Hist\u00f3rico, pr\u00f3ximo \u00e0 Pra\u00e7a Castro Alves. Pertencente ao universo religioso e filos\u00f3fico do candombl\u00e9, \u00e9 um filho das \u00e1guas de Iemanj\u00e1 e Oxal\u00e1. Poeta desde sempre, \u00e9 graduado em Hist\u00f3ria (UCSAL), em Jornalismo (UFBA) e em Ci\u00eancias Sociais (UFBA). Fez mestrado em Estudos \u00c9tnicos e Africanos (UFBA), onde pesquisou a rela\u00e7\u00e3o entre Maria Beth\u00e2nia e o seu orix\u00e1 Oy\u00e1-Ians\u00e3. Desta pesquisa surgiu o livro Oy\u00e1-Beth\u00e2nia: Os mitos de um orix\u00e1 nos ritos de uma estrela (Pina\u00fana, 2016). Fez doutorado em Antropologia (UFBA) pesquisando os entrecruzamentos de na\u00e7\u00f5es no Unz\u00f3 Tumbenci, de m\u00e3e Zulmira de Zumb\u00e1. Hoje \u00e9 professor doutor da Universidade da Integra\u00e7\u00e3o Internacional da Lusofonia Afrobrasileira \u2013 Unilab, Campus dos Mal\u00eas \u2013Bahia, e, tamb\u00e9m, \u00e9 articulista do Jornal A Tarde, no qual escreve quinzenalmente aos s\u00e1bados. Pesquisa as obras art\u00edsticas de Maria Beth\u00e2nia e Clarice Lispector, entrecruzando can\u00e7\u00e3o popular e literatura no Brasil. Em suas atividades art\u00edsticas, como poeta, publicou Mem\u00f3rias do Mar (Edi\u00e7\u00e3o do Autor, 2013), Poemar (Kawo-Kabiyesile, 2015), Cinzas de Sonhos Desabam sobre Mim (Pina\u00fana, 2017), Cenas Quentes de um Poeta (Pina\u00fana, 2019).<\/p>\n\n\n\n<div class=\"wp-block-buttons is-content-justification-center is-layout-flex wp-container-core-buttons-is-layout-16018d1d wp-block-buttons-is-layout-flex\">\n<div class=\"wp-block-button\"><a class=\"wp-block-button__link wp-element-button\" href=\"http:\/\/lattes.cnpq.br\/2438194618382979\">Lattes<\/a><\/div>\n<\/div>\n<\/div>\n<\/div>\n\n\n\n<div class=\"wp-block-columns is-layout-flex wp-container-core-columns-is-layout-9d6595d7 wp-block-columns-is-layout-flex\">\n<div class=\"wp-block-column is-layout-flow wp-block-column-is-layout-flow\">\n<p class=\"has-colibri-color-6-color has-text-color has-link-color has-medium-font-size wp-elements-dd407384856dde34b34ce2ccd167c159\"><\/p>\n\n\n<div class=\"wp-block-image\">\n<figure class=\"aligncenter size-medium\"><img loading=\"lazy\" decoding=\"async\" width=\"225\" height=\"300\" src=\"https:\/\/nyemba.unilab.edu.br\/wp-content\/uploads\/2025\/09\/juliana-225x300.jpg\" alt=\"\" class=\"wp-image-3216\" srcset=\"https:\/\/nyemba.unilab.edu.br\/wp-content\/uploads\/2025\/09\/juliana-225x300.jpg 225w, https:\/\/nyemba.unilab.edu.br\/wp-content\/uploads\/2025\/09\/juliana-768x1024.jpg 768w, https:\/\/nyemba.unilab.edu.br\/wp-content\/uploads\/2025\/09\/juliana-1152x1536.jpg 1152w, https:\/\/nyemba.unilab.edu.br\/wp-content\/uploads\/2025\/09\/juliana-1536x2048.jpg 1536w, https:\/\/nyemba.unilab.edu.br\/wp-content\/uploads\/2025\/09\/juliana-scaled.jpg 1920w\" sizes=\"auto, (max-width: 225px) 100vw, 225px\" \/><\/figure>\n<\/div><\/div>\n\n\n\n<div class=\"wp-block-column is-layout-flow wp-block-column-is-layout-flow\">\n<p class=\"has-colibri-color-6-color has-text-color has-link-color has-medium-font-size wp-elements-947c095c886ec9f3060a417002c4af5f\"><strong>Juliana Dourado Bueno<\/strong><\/p>\n\n\n\n<p class=\"has-colibri-color-6-color has-text-color has-link-color wp-elements-255174132e96f5733492ec26bb4f6128\">Cientista social, doutora em Sociologia pela Universidade Federal de S\u00e3o Carlos (2016). Durante minha forma\u00e7\u00e3o acad\u00eamica desenvolvi pesquisas com a tem\u00e1tica do assalariamento rural e o entrecruzamento com as categorias de g\u00eanero e ra\u00e7a\/etnia, sempre lan\u00e7ando m\u00e3o do estudo de trajet\u00f3rias de vida. Em 2017 ingressei na UNILAB como docente e, desde ent\u00e3o, desenvolvo reflex\u00f5es e oriento pesquisadoras e pesquisadores nas seguintes tem\u00e1ticas: trabalho rural, trabalho feminino na Guin\u00e9-Bissau e Angola, condi\u00e7\u00f5es de trabalho, trajet\u00f3rias laborais, g\u00eanero e religi\u00e3o, forma\u00e7\u00e3o de soci\u00f3logos em Angola, trabalho dom\u00e9stico e invisibilidade do trabalho feminino na Bahia.<\/p>\n\n\n\n<div class=\"wp-block-buttons is-content-justification-center is-layout-flex wp-container-core-buttons-is-layout-16018d1d wp-block-buttons-is-layout-flex\">\n<div class=\"wp-block-button\"><a class=\"wp-block-button__link wp-element-button\" href=\"http:\/\/lattes.cnpq.br\/9670686595047765\">Lattes<\/a><\/div>\n<\/div>\n<\/div>\n<\/div>\n\n\n\n<div class=\"wp-block-columns is-layout-flex wp-container-core-columns-is-layout-9d6595d7 wp-block-columns-is-layout-flex\">\n<div class=\"wp-block-column is-layout-flow wp-block-column-is-layout-flow\"><div class=\"wp-block-image\">\n<figure class=\"aligncenter size-medium\"><img loading=\"lazy\" decoding=\"async\" width=\"300\" height=\"258\" src=\"https:\/\/nyemba.unilab.edu.br\/wp-content\/uploads\/2025\/09\/agm-300x258.jpg\" alt=\"\" class=\"wp-image-3229\" srcset=\"https:\/\/nyemba.unilab.edu.br\/wp-content\/uploads\/2025\/09\/agm-300x258.jpg 300w, https:\/\/nyemba.unilab.edu.br\/wp-content\/uploads\/2025\/09\/agm-1024x881.jpg 1024w, https:\/\/nyemba.unilab.edu.br\/wp-content\/uploads\/2025\/09\/agm-768x661.jpg 768w, https:\/\/nyemba.unilab.edu.br\/wp-content\/uploads\/2025\/09\/agm-1536x1321.jpg 1536w, https:\/\/nyemba.unilab.edu.br\/wp-content\/uploads\/2025\/09\/agm.jpg 1744w\" sizes=\"auto, (max-width: 300px) 100vw, 300px\" \/><\/figure>\n<\/div><\/div>\n\n\n\n<div class=\"wp-block-column is-layout-flow wp-block-column-is-layout-flow\">\n<p class=\"has-colibri-color-6-color has-text-color has-link-color has-medium-font-size wp-elements-9fba1859ab5c77c05386a618211158c1\"><strong>Agnes Francine de Carvalho Mariano<\/strong><\/p>\n\n\n\n<p class=\"has-colibri-color-6-color has-text-color has-link-color wp-elements-add25a8ee86f759b855ddf8720fa270a\">Tem doutorado (USP), mestrado (UFBA) e gradua\u00e7\u00e3o em Comunica\u00e7\u00e3o (UFBA), com habilita\u00e7\u00e3o em Jornalismo. Atualmente \u00e9 professora da Unilab, no campus dos Mal\u00eas\/BA. Anteriormente foi professora da UFOP\/MG. Tem pesquisado temas relacionados \u00e0 pesquisa biogr\u00e1fica, autobiogr\u00e1fica e constru\u00e7\u00e3o de narrativas: afilia\u00e7\u00e3o \u00e0 vida universit\u00e1ria; formatos textuais biogr\u00e1ficos no ensino-aprendizagem da escrita; entrevista; mem\u00f3ria; identidade.<\/p>\n\n\n\n<div class=\"wp-block-buttons is-content-justification-center is-layout-flex wp-container-core-buttons-is-layout-16018d1d wp-block-buttons-is-layout-flex\">\n<div class=\"wp-block-button\"><a class=\"wp-block-button__link wp-element-button\" href=\"http:\/\/lattes.cnpq.br\/6422229750567834\">Lattes<\/a><\/div>\n<\/div>\n<\/div>\n<\/div>\n\n\n\n<div class=\"wp-block-columns is-layout-flex wp-container-core-columns-is-layout-9d6595d7 wp-block-columns-is-layout-flex\">\n<div class=\"wp-block-column is-layout-flow wp-block-column-is-layout-flow\"><div class=\"wp-block-image\">\n<figure class=\"aligncenter size-medium\"><img loading=\"lazy\" decoding=\"async\" width=\"300\" height=\"300\" src=\"https:\/\/nyemba.unilab.edu.br\/wp-content\/uploads\/2025\/09\/jusciney-300x300.jpg\" alt=\"\" class=\"wp-image-3231\" srcset=\"https:\/\/nyemba.unilab.edu.br\/wp-content\/uploads\/2025\/09\/jusciney-300x300.jpg 300w, https:\/\/nyemba.unilab.edu.br\/wp-content\/uploads\/2025\/09\/jusciney-150x150.jpg 150w, https:\/\/nyemba.unilab.edu.br\/wp-content\/uploads\/2025\/09\/jusciney.jpg 640w\" sizes=\"auto, (max-width: 300px) 100vw, 300px\" \/><\/figure>\n<\/div><\/div>\n\n\n\n<div class=\"wp-block-column is-layout-flow wp-block-column-is-layout-flow\">\n<p class=\"has-colibri-color-6-color has-text-color has-link-color has-medium-font-size wp-elements-054351f84cb826576725e78025daa7f1\"><strong>Jusciney Carvalho Santana<\/strong><\/p>\n\n\n\n<p class=\"has-colibri-color-6-color has-text-color has-link-color wp-elements-65271742b1e73f5c68fc05f71a07814a\">Pedagoga. Doutora em Educa\u00e7\u00e3o. Professora Associada do Instituto de Humanidades e Letras\/ Campus dos Mal\u00eas\/UNILAB. Docente e Vice-Coordenadora POSAFRO\/UFBA.<br><\/p>\n\n\n\n<div class=\"wp-block-buttons is-content-justification-center is-layout-flex wp-container-core-buttons-is-layout-16018d1d wp-block-buttons-is-layout-flex\">\n<div class=\"wp-block-button\"><a class=\"wp-block-button__link wp-element-button\" href=\"http:\/\/lattes.cnpq.br\/9596120894827646\">Lattes<\/a><\/div>\n<\/div>\n<\/div>\n<\/div>\n\n\n\n<div class=\"wp-block-columns is-layout-flex wp-container-core-columns-is-layout-9d6595d7 wp-block-columns-is-layout-flex\">\n<div class=\"wp-block-column is-layout-flow wp-block-column-is-layout-flow\"><\/div>\n\n\n\n<div class=\"wp-block-column is-layout-flow wp-block-column-is-layout-flow\">\n<p class=\"has-colibri-color-6-color has-text-color has-link-color has-medium-font-size wp-elements-cfa669eff5f6525eeafaaa7e8bb258e9\"><strong>Rafael Palermo Buti<\/strong><br><br><a href=\"http:\/\/lattes.cnpq.br\/6441914324457905\">Lattes<\/a><br><\/p>\n<\/div>\n<\/div>\n\n\n\n<div class=\"wp-block-columns is-layout-flex wp-container-core-columns-is-layout-9d6595d7 wp-block-columns-is-layout-flex\">\n<div class=\"wp-block-column is-layout-flow wp-block-column-is-layout-flow\"><\/div>\n\n\n\n<div class=\"wp-block-column is-layout-flow wp-block-column-is-layout-flow\">\n<p class=\"has-colibri-color-6-color has-text-color has-link-color has-medium-font-size wp-elements-72e8b399ef65fcc954a27b89f7d15db6\"><strong>Ismael Tcham<\/strong><br><br><a href=\"http:\/\/lattes.cnpq.br\/3495720234218525\">Lattes<\/a><\/p>\n<\/div>\n<\/div>\n\n\n\n<div class=\"wp-block-columns is-layout-flex wp-container-core-columns-is-layout-9d6595d7 wp-block-columns-is-layout-flex\">\n<div class=\"wp-block-column is-layout-flow wp-block-column-is-layout-flow\"><\/div>\n\n\n\n<div class=\"wp-block-column is-layout-flow wp-block-column-is-layout-flow\">\n<p class=\"has-colibri-color-6-color has-text-color has-link-color has-medium-font-size wp-elements-a0e1468cf8c50c04dfe067b96e3a445c\"><strong>Elias Alfama Vaz Moniz<\/strong><\/p>\n\n\n\n<p><a href=\"http:\/\/lattes.cnpq.br\/7907484410705725\">Lattes<\/a><br><\/p>\n<\/div>\n<\/div>\n\n\n\n<div class=\"wp-block-columns is-layout-flex wp-container-core-columns-is-layout-9d6595d7 wp-block-columns-is-layout-flex\">\n<div class=\"wp-block-column is-layout-flow wp-block-column-is-layout-flow\"><\/div>\n\n\n\n<div class=\"wp-block-column is-layout-flow wp-block-column-is-layout-flow\">\n<p class=\"has-colibri-color-6-color has-text-color has-link-color has-medium-font-size wp-elements-8bb587f14b5572f0bcf1761c4b6cd940\"><strong>Carla Craice da Silva<\/strong><br><br><a href=\"http:\/\/lattes.cnpq.br\/4167151776504048\">Lattes<\/a><br><\/p>\n<\/div>\n<\/div>\n\n\n\n<div class=\"wp-block-columns is-layout-flex wp-container-core-columns-is-layout-9d6595d7 wp-block-columns-is-layout-flex\">\n<div class=\"wp-block-column is-layout-flow wp-block-column-is-layout-flow\"><\/div>\n\n\n\n<div class=\"wp-block-column is-layout-flow wp-block-column-is-layout-flow\">\n<p class=\"has-colibri-color-6-color has-text-color has-link-color has-medium-font-size wp-elements-271dac80a9cf752750c6786c4aa90a2c\"><strong>Cl\u00edcea Maria Augusto de Miranda<\/strong><\/p>\n\n\n\n<p><a href=\"http:\/\/lattes.cnpq.br\/4082409025140272\">Lattes<\/a> <\/p>\n<\/div>\n<\/div>\n\n\n\n<div class=\"wp-block-columns is-layout-flex wp-container-core-columns-is-layout-9d6595d7 wp-block-columns-is-layout-flex\">\n<div class=\"wp-block-column is-layout-flow wp-block-column-is-layout-flow\"><\/div>\n\n\n\n<div class=\"wp-block-column is-layout-flow wp-block-column-is-layout-flow\">\n<p class=\"has-colibri-color-6-color has-text-color has-link-color has-medium-font-size wp-elements-7d74be97ac065dfcda589cebea8f1aea\"><strong>Camila Alves Rosa Santos<\/strong><br><br><a href=\"http:\/\/lattes.cnpq.br\/2809033178735716\">Lattes<\/a><br><\/p>\n<\/div>\n<\/div>\n\n\n\n<div style=\"height:50px\" aria-hidden=\"true\" class=\"wp-block-spacer\"><\/div>\n\n\n\n<h2 class=\"wp-block-heading has-text-align-center has-colibri-color-6-color has-text-color has-link-color has-x-large-font-size wp-elements-007d1298046b4eb3975b4dab7c85c5d0\">Estudantes<\/h2>\n\n\n\n<div style=\"height:50px\" aria-hidden=\"true\" class=\"wp-block-spacer\"><\/div>\n\n\n\n<div class=\"wp-block-columns is-layout-flex wp-container-core-columns-is-layout-9d6595d7 wp-block-columns-is-layout-flex\">\n<div class=\"wp-block-column is-layout-flow wp-block-column-is-layout-flow\"><div class=\"wp-block-image\">\n<figure class=\"aligncenter size-medium\"><img loading=\"lazy\" decoding=\"async\" width=\"300\" height=\"300\" src=\"https:\/\/nyemba.unilab.edu.br\/wp-content\/uploads\/2025\/09\/ludymila-300x300.jpg\" alt=\"\" class=\"wp-image-3235\" srcset=\"https:\/\/nyemba.unilab.edu.br\/wp-content\/uploads\/2025\/09\/ludymila-300x300.jpg 300w, https:\/\/nyemba.unilab.edu.br\/wp-content\/uploads\/2025\/09\/ludymila-1024x1024.jpg 1024w, https:\/\/nyemba.unilab.edu.br\/wp-content\/uploads\/2025\/09\/ludymila-150x150.jpg 150w, https:\/\/nyemba.unilab.edu.br\/wp-content\/uploads\/2025\/09\/ludymila-768x767.jpg 768w, https:\/\/nyemba.unilab.edu.br\/wp-content\/uploads\/2025\/09\/ludymila.jpg 1079w\" sizes=\"auto, (max-width: 300px) 100vw, 300px\" \/><\/figure>\n<\/div><\/div>\n\n\n\n<div class=\"wp-block-column is-layout-flow wp-block-column-is-layout-flow\">\n<p class=\"has-colibri-color-6-color has-text-color has-link-color has-medium-font-size wp-elements-ad3f21914f8411e0e1cf310e794b9398\"><strong>Ludymila Rita Rodrigues da Silva<\/strong><\/p>\n\n\n\n<p class=\"has-colibri-color-6-color has-text-color has-link-color wp-elements-a0680c9cd853ec92ac315d4154bd5db4\">\u00c9 graduada no Bacharelado em Humanidades (2023) e atualmente cursa a licenciatura em Ci\u00eancias Sociais na Universidade da Integra\u00e7\u00e3o Internacional da Lusofonia Afro-Brasileira (UNILAB). Sua trajet\u00f3ria acad\u00eamica \u00e9 marcada pelo interesse em pesquisas sobre antropologia visual, mem\u00f3ria e experi\u00eancias dissidentes de sexualidade e g\u00eanero, com \u00eanfase em perspectivas interseccionais e decoloniais. \u00c9 colagista e desenvolve trabalhos visuais inspirados em sujeitos racializados, problematizando imagin\u00e1rios coloniais.<\/p>\n\n\n\n<div class=\"wp-block-buttons is-content-justification-center is-layout-flex wp-container-core-buttons-is-layout-16018d1d wp-block-buttons-is-layout-flex\">\n<div class=\"wp-block-button\"><a class=\"wp-block-button__link wp-element-button\" href=\"http:\/\/lattes.cnpq.br\/2970959184801597\">Lattes<\/a><\/div>\n<\/div>\n<\/div>\n<\/div>\n\n\n\n<div class=\"wp-block-columns is-layout-flex wp-container-core-columns-is-layout-9d6595d7 wp-block-columns-is-layout-flex\">\n<div class=\"wp-block-column is-layout-flow wp-block-column-is-layout-flow\"><div class=\"wp-block-image\">\n<figure class=\"aligncenter size-medium\"><img loading=\"lazy\" decoding=\"async\" width=\"300\" height=\"300\" src=\"https:\/\/nyemba.unilab.edu.br\/wp-content\/uploads\/2025\/09\/filipe-300x300.jpg\" alt=\"\" class=\"wp-image-3237\" srcset=\"https:\/\/nyemba.unilab.edu.br\/wp-content\/uploads\/2025\/09\/filipe-300x300.jpg 300w, https:\/\/nyemba.unilab.edu.br\/wp-content\/uploads\/2025\/09\/filipe-150x150.jpg 150w, https:\/\/nyemba.unilab.edu.br\/wp-content\/uploads\/2025\/09\/filipe-768x768.jpg 768w, https:\/\/nyemba.unilab.edu.br\/wp-content\/uploads\/2025\/09\/filipe.jpg 839w\" sizes=\"auto, (max-width: 300px) 100vw, 300px\" \/><\/figure>\n<\/div><\/div>\n\n\n\n<div class=\"wp-block-column is-layout-flow wp-block-column-is-layout-flow\">\n<p class=\"has-colibri-color-6-color has-text-color has-link-color has-medium-font-size wp-elements-085b40f356feb9c3ba72e9a834d70185\"><strong>Filipe Gomes de Jesus Lino<\/strong><\/p>\n\n\n\n<p class=\"has-colibri-color-6-color has-text-color has-link-color wp-elements-674c93da6349da5c2a68f9f708f9a985\">Graduado em Bacharelado Interdisciplinar em Humanidades pela Universidade da Integra\u00e7\u00e3o Internacional da Lusofonia Afro-Brasileira (2023), atualmente curso a Licenciatura em Ci\u00eancias Sociais na mesma institui\u00e7\u00e3o. Tenho interesse na constru\u00e7\u00e3o de pol\u00edticas educacionais e pedag\u00f3gicas que promovam a equidade social e racial, com \u00eanfase na antropologia e na educa\u00e7\u00e3o antirracista. Busco desenvolver metodologias que contribuam para a desconstru\u00e7\u00e3o de preconceitos e para a valoriza\u00e7\u00e3o da diversidade nos contextos escolares e sociais. Dedico, ainda, ao estudo das intersec\u00e7\u00f5es entre ra\u00e7a, classe e g\u00eanero na educa\u00e7\u00e3o, com o prop\u00f3sito de fortalecer espa\u00e7os de ensino inclusivos, cr\u00edticos e transformadores.<\/p>\n\n\n\n<div class=\"wp-block-buttons is-content-justification-center is-layout-flex wp-container-core-buttons-is-layout-16018d1d wp-block-buttons-is-layout-flex\">\n<div class=\"wp-block-button\"><a class=\"wp-block-button__link wp-element-button\" href=\"http:\/\/lattes.cnpq.br\/3078581771135877\">Lattes<\/a><\/div>\n<\/div>\n<\/div>\n<\/div>\n\n\n\n<div class=\"wp-block-columns is-layout-flex wp-container-core-columns-is-layout-9d6595d7 wp-block-columns-is-layout-flex\">\n<div class=\"wp-block-column is-layout-flow wp-block-column-is-layout-flow\"><div class=\"wp-block-image\">\n<figure class=\"aligncenter size-medium\"><img loading=\"lazy\" decoding=\"async\" width=\"300\" height=\"300\" src=\"https:\/\/nyemba.unilab.edu.br\/wp-content\/uploads\/2025\/09\/micha-300x300.jpg\" alt=\"\" class=\"wp-image-3239\" srcset=\"https:\/\/nyemba.unilab.edu.br\/wp-content\/uploads\/2025\/09\/micha-300x300.jpg 300w, https:\/\/nyemba.unilab.edu.br\/wp-content\/uploads\/2025\/09\/micha-1024x1024.jpg 1024w, https:\/\/nyemba.unilab.edu.br\/wp-content\/uploads\/2025\/09\/micha-150x150.jpg 150w, https:\/\/nyemba.unilab.edu.br\/wp-content\/uploads\/2025\/09\/micha-768x768.jpg 768w, https:\/\/nyemba.unilab.edu.br\/wp-content\/uploads\/2025\/09\/micha-1536x1536.jpg 1536w, https:\/\/nyemba.unilab.edu.br\/wp-content\/uploads\/2025\/09\/micha-2048x2048.jpg 2048w\" sizes=\"auto, (max-width: 300px) 100vw, 300px\" \/><\/figure>\n<\/div><\/div>\n\n\n\n<div class=\"wp-block-column is-layout-flow wp-block-column-is-layout-flow\">\n<p class=\"has-colibri-color-6-color has-text-color has-link-color has-medium-font-size wp-elements-74eaa4ef23d874ceb37a19e06469c3f7\"><strong>Micha Diogo Rodrigues<\/strong><\/p>\n\n\n\n<p class=\"has-colibri-color-6-color has-text-color has-link-color wp-elements-217deb5aaa7665c45793ef206781fc1e\">Afroind\u00edgena transmasculino n-b [ele\/dele]. Minha pesquisa em \u00eanfase em ra\u00e7a, g\u00eanero e sexualidade. Tenho bacharelado em Humanidades (2022) e sou licenciando em Ci\u00eancias Sociais (UNILAB). Atuo como bolsista em IC no projeto \u201cAbordando as express\u00f5es culturais afro-brasileiras no rec\u00f4ncavo baiano: uma investiga\u00e7\u00e3o de pr\u00e1ticas culturais a partir da antropologia da performance\u201d, orientado pela Profa. Dra. Maria Andrea Soares.<\/p>\n\n\n\n<div class=\"wp-block-buttons is-content-justification-center is-layout-flex wp-container-core-buttons-is-layout-16018d1d wp-block-buttons-is-layout-flex\">\n<div class=\"wp-block-button\"><a class=\"wp-block-button__link wp-element-button\" href=\"http:\/\/lattes.cnpq.br\/6919758796629981\">Lattes<\/a><\/div>\n<\/div>\n<\/div>\n<\/div>\n\n\n\n<div style=\"height:50px\" aria-hidden=\"true\" class=\"wp-block-spacer\"><\/div>\n\n\n\n<div class=\"wp-block-columns is-layout-flex wp-container-core-columns-is-layout-9d6595d7 wp-block-columns-is-layout-flex\">\n<div class=\"wp-block-column is-layout-flow wp-block-column-is-layout-flow\"><div class=\"wp-block-image\">\n<figure class=\"aligncenter size-medium\"><img loading=\"lazy\" decoding=\"async\" width=\"225\" height=\"300\" src=\"https:\/\/nyemba.unilab.edu.br\/wp-content\/uploads\/2025\/10\/isaias-225x300.jpeg\" alt=\"\" class=\"wp-image-4037\" srcset=\"https:\/\/nyemba.unilab.edu.br\/wp-content\/uploads\/2025\/10\/isaias-225x300.jpeg 225w, https:\/\/nyemba.unilab.edu.br\/wp-content\/uploads\/2025\/10\/isaias-768x1024.jpeg 768w, https:\/\/nyemba.unilab.edu.br\/wp-content\/uploads\/2025\/10\/isaias.jpeg 960w\" sizes=\"auto, (max-width: 225px) 100vw, 225px\" \/><\/figure>\n<\/div><\/div>\n\n\n\n<div class=\"wp-block-column is-layout-flow wp-block-column-is-layout-flow\">\n<p class=\"has-colibri-color-6-color has-text-color has-link-color has-medium-font-size wp-elements-ae753ef695c0e0452c9096b9362789b4\"><strong>Isa\u00edas Augusto Conjo J\u00fanior<\/strong><\/p>\n\n\n\n<p class=\"has-colibri-color-6-color has-text-color has-link-color wp-elements-d077fd6cb7c100ae748e18cbeeb89eef\">\u00c9 mo\u00e7ambicano e graduando em Bacharelado Interdisciplinar em Humanidades pela Universidade da Integra\u00e7\u00e3o Internacional da Lusofonia Afro-brasileira (UNILAB), na Bahia. Antes disso, cursou tr\u00eas anos e meio da Licenciatura em Administra\u00e7\u00e3o P\u00fablica na Universidade Joaquim Chissano, em Mo\u00e7ambique. Interessado em temas voltados \u00e0 educa\u00e7\u00e3o, gest\u00e3o de pessoas, juventude e tecnologias, Isa\u00edas alia o pensamento cr\u00edtico ao esp\u00edrito criativo. \u00c9 escritor nas horas vagas, produtor de conte\u00fado digital no YouTube e designer, sempre movido pela paix\u00e3o pelo aprendizado e pela descoberta. Atualmente, \u00e9 bolsista da Funda\u00e7\u00e3o de Amparo \u00e0 Pesquisa do Estado da Bahia (FAPESB) no projeto \u201cMem\u00f3rias Negras e Africanas\u201d, coordenado pela Professora Dra. Cristiane Souza, onde contribui para a valoriza\u00e7\u00e3o e preserva\u00e7\u00e3o das identidades africanas e afro-diasp\u00f3ricas.<\/p>\n\n\n\n<div class=\"wp-block-buttons is-content-justification-center is-layout-flex wp-container-core-buttons-is-layout-16018d1d wp-block-buttons-is-layout-flex\">\n<div class=\"wp-block-button\"><a class=\"wp-block-button__link wp-element-button\" href=\"http:\/\/lattes.cnpq.br\/7504495310660622\">Lattes<\/a><\/div>\n<\/div>\n<\/div>\n<\/div>\n\n\n\n<div class=\"wp-block-columns is-layout-flex wp-container-core-columns-is-layout-9d6595d7 wp-block-columns-is-layout-flex\">\n<div class=\"wp-block-column is-layout-flow wp-block-column-is-layout-flow\"><div class=\"wp-block-image\">\n<figure class=\"aligncenter size-medium\"><img loading=\"lazy\" decoding=\"async\" width=\"300\" height=\"300\" src=\"https:\/\/nyemba.unilab.edu.br\/wp-content\/uploads\/2025\/11\/yuri-300x300.jpeg\" alt=\"\" class=\"wp-image-4041\" srcset=\"https:\/\/nyemba.unilab.edu.br\/wp-content\/uploads\/2025\/11\/yuri-300x300.jpeg 300w, https:\/\/nyemba.unilab.edu.br\/wp-content\/uploads\/2025\/11\/yuri-1024x1024.jpeg 1024w, https:\/\/nyemba.unilab.edu.br\/wp-content\/uploads\/2025\/11\/yuri-150x150.jpeg 150w, https:\/\/nyemba.unilab.edu.br\/wp-content\/uploads\/2025\/11\/yuri-768x768.jpeg 768w, https:\/\/nyemba.unilab.edu.br\/wp-content\/uploads\/2025\/11\/yuri.jpeg 1280w\" sizes=\"auto, (max-width: 300px) 100vw, 300px\" \/><\/figure>\n<\/div><\/div>\n\n\n\n<div class=\"wp-block-column is-layout-flow wp-block-column-is-layout-flow\">\n<p class=\"has-colibri-color-6-color has-text-color has-link-color has-medium-font-size wp-elements-f8f024cdb3d2b869b5d0dd07b0a2174e\"><strong>Yuri Crisostomo Fonseca<\/strong><\/p>\n\n\n\n<p class=\"has-colibri-color-6-color has-text-color has-link-color wp-elements-1de25d8d27ea1da080be4aa224f4d5ab\">\u00c9 mestrando em Hist\u00f3ria da \u00c1frica, da Di\u00e1spora e dos Povos Ind\u00edgenas, pela Universidade Federal do Rec\u00f4ncavo da Bahia. Graduando em Pedagogia pela Universidade da Integra\u00e7\u00e3o Internacional da Lusofonia Afro-Brasileira, Campus dos Mal\u00eas &#8211; S\u00e3o Francisco do Conde &#8211; BA. Graduado em Bacharelado Interdisciplinar em Humanidades pela mesma Universidade. Foi integrante do projeto &#8220;Epistemologias e pensamento negro no Brasil: Interroga\u00e7\u00f5es para a inf\u00e2ncia, a crian\u00e7a negra e a Educa\u00e7\u00e3o Infantil&#8221;. Foi integrante do projeto &#8220;As mulheres nas pol\u00edticas p\u00fablicas para a economia solid\u00e1ria: uma perspectiva comparada&#8221;. Foi integrante do projeto &#8220;Afro-brasileiras e africanas desafiando a brecha digital&#8221;, 2019\/2020. Foi integrante do projeto &#8220;Latitudes Africanas: M\u00eddias Sociais e Publica\u00e7\u00f5es Alternativas &#8211; 2022&#8221;. Foi integrante do projeto &#8211; &#8220;Produ\u00e7\u00e3o de recursos did\u00e1ticos em meio digital para implementa\u00e7\u00e3o da Lei n. 10.639\/03&#8221;. \u00c9 membro dos grupos de pesquisa Nyemba &#8211; Processos sociais, mem\u00f3rias e narrativas Brasil\/\u00c1frica (UNILAB) e N\u00facleo de Estudos Afro-Brasileiros do Rec\u00f4ncavo da Bahia.<\/p>\n\n\n\n<div class=\"wp-block-buttons is-content-justification-center is-layout-flex wp-container-core-buttons-is-layout-16018d1d wp-block-buttons-is-layout-flex\">\n<div class=\"wp-block-button\"><a class=\"wp-block-button__link wp-element-button\" href=\"http:\/\/lattes.cnpq.br\/4679380709958249\">Lattes<\/a><\/div>\n<\/div>\n<\/div>\n<\/div>\n\n\n\n<p><\/p>\n\n\n\n<div style=\"height:50px\" aria-hidden=\"true\" class=\"wp-block-spacer\"><\/div>\n\n\n\n<p class=\"has-text-align-center has-colibri-color-6-color has-text-color has-link-color has-x-large-font-size wp-elements-6c01b46268829de225c3f755ff8d1698\">Antigos membros<\/p>\n\n\n\n<div class=\"wp-block-columns is-layout-flex wp-container-core-columns-is-layout-9d6595d7 wp-block-columns-is-layout-flex\">\n<div class=\"wp-block-column is-layout-flow wp-block-column-is-layout-flow\"><\/div>\n\n\n\n<div class=\"wp-block-column is-layout-flow wp-block-column-is-layout-flow\">\n<p><a href=\"http:\/\/lattes.cnpq.br\/5987506299108021\">Alana Santos de Souza<\/a><\/p>\n\n\n\n<p><a href=\"http:\/\/lattes.cnpq.br\/7243391841866095\">Beatriz Borges Bastos<\/a> <\/p>\n\n\n\n<p><a href=\"http:\/\/lattes.cnpq.br\/8760086420176281\">Bruna Aparecida Maia<\/a> <\/p>\n\n\n\n<p><a href=\"http:\/\/lattes.cnpq.br\/2809033178735716\">Camila Alves Rosa Santos <\/a><\/p>\n\n\n\n<p><a href=\"http:\/\/lattes.cnpq.br\/2088091233239161\">Caroline Lima dos Santos<\/a> <\/p>\n\n\n\n<p><a href=\"http:\/\/lattes.cnpq.br\/2217398951413256\">Chitungane S. Chachuaio<\/a> <\/p>\n\n\n\n<p><a href=\"http:\/\/lattes.cnpq.br\/7109128043051090\">Dauda Uali <\/a><\/p>\n\n\n\n<p><a href=\"http:\/\/lattes.cnpq.br\/7182615292002469\">Felipe Imidio Santos<\/a> <\/p>\n\n\n\n<p><a href=\"http:\/\/lattes.cnpq.br\/8386186109483722\">Illana Ribeiro Bomfim<\/a> <\/p>\n\n\n\n<p><a href=\"http:\/\/lattes.cnpq.br\/1241539206575026\">Joice Lorena S. Sacramento <\/a><\/p>\n\n\n\n<p><a href=\"http:\/\/lattes.cnpq.br\/1162852484742428\">Joseane da Concei\u00e7\u00e3o P. Costa <\/a><\/p>\n\n\n\n<p><a href=\"http:\/\/lattes.cnpq.br\/2591602048560150\">Margarida Bendo<\/a> <\/p>\n\n\n\n<p><\/p>\n<\/div>\n<\/div>\n\n\n\n<p><\/p>\n\n\n\n<p><\/p>\n\n\n\n<p><\/p>\n","protected":false},"excerpt":{"rendered":"<p>Coordena\u00e7\u00e3o 2025-2027 Coordenador Marcio Andr\u00e9 de Oliveira dos Santos Professor da UNILAB, campus dos Mal\u00eas. Atual coordenador do Nyemba &#8211; Processos Sociais, Mem\u00f3rias e Narrativas Brasil\/\u00c1frica. Pesquiso rela\u00e7\u00f5es \u00e9tnico-raciais, movimentos sociais e movimentos negros Vice-coordenadora Ana Cl\u00e1udia Gomes de Souza Antrop\u00f3loga, pesquisadora dos Grupos de Pesquisa Nyemba (UNILAB) e do PINEB (UFBA). Realiza est\u00e1gio de [&hellip;]<\/p>\n","protected":false},"author":8,"featured_media":0,"parent":0,"menu_order":0,"comment_status":"closed","ping_status":"closed","template":"","meta":{"footnotes":""},"class_list":["post-3193","page","type-page","status-publish","hentry"],"_links":{"self":[{"href":"https:\/\/nyemba.unilab.edu.br\/index.php\/wp-json\/wp\/v2\/pages\/3193","targetHints":{"allow":["GET"]}}],"collection":[{"href":"https:\/\/nyemba.unilab.edu.br\/index.php\/wp-json\/wp\/v2\/pages"}],"about":[{"href":"https:\/\/nyemba.unilab.edu.br\/index.php\/wp-json\/wp\/v2\/types\/page"}],"author":[{"embeddable":true,"href":"https:\/\/nyemba.unilab.edu.br\/index.php\/wp-json\/wp\/v2\/users\/8"}],"replies":[{"embeddable":true,"href":"https:\/\/nyemba.unilab.edu.br\/index.php\/wp-json\/wp\/v2\/comments?post=3193"}],"version-history":[{"count":70,"href":"https:\/\/nyemba.unilab.edu.br\/index.php\/wp-json\/wp\/v2\/pages\/3193\/revisions"}],"predecessor-version":[{"id":4043,"href":"https:\/\/nyemba.unilab.edu.br\/index.php\/wp-json\/wp\/v2\/pages\/3193\/revisions\/4043"}],"wp:attachment":[{"href":"https:\/\/nyemba.unilab.edu.br\/index.php\/wp-json\/wp\/v2\/media?parent=3193"}],"curies":[{"name":"wp","href":"https:\/\/api.w.org\/{rel}","templated":true}]}}